{"id":1684,"date":"2017-02-15T14:24:49","date_gmt":"2017-02-15T14:24:49","guid":{"rendered":"http:\/\/teachingawards.ca\/2010-personnes-honorees\/"},"modified":"2017-03-29T11:30:27","modified_gmt":"2017-03-29T11:30:27","slug":"2010-personnes-honorees","status":"publish","type":"page","link":"https:\/\/teachingawards.ca\/fr\/2010-personnes-honorees\/","title":{"rendered":"2010 Personnes honor\u00e9es"},"content":{"rendered":"<p>[et_pb_section admin_label=\u00a0\u00bbSection\u00a0\u00bb fullwidth=\u00a0\u00bbon\u00a0\u00bb specialty=\u00a0\u00bboff\u00a0\u00bb transparent_background=\u00a0\u00bboff\u00a0\u00bb background_color=\u00a0\u00bb#ffffff\u00a0\u00bb allow_player_pause=\u00a0\u00bboff\u00a0\u00bb inner_shadow=\u00a0\u00bboff\u00a0\u00bb parallax=\u00a0\u00bboff\u00a0\u00bb parallax_method=\u00a0\u00bboff\u00a0\u00bb custom_padding=\u00a0\u00bb||0px|\u00a0\u00bb padding_mobile=\u00a0\u00bbon\u00a0\u00bb make_fullwidth=\u00a0\u00bboff\u00a0\u00bb use_custom_width=\u00a0\u00bboff\u00a0\u00bb width_unit=\u00a0\u00bbon\u00a0\u00bb make_equal=\u00a0\u00bboff\u00a0\u00bb use_custom_gutter=\u00a0\u00bboff\u00a0\u00bb disabled=\u00a0\u00bboff\u00a0\u00bb disabled_on=\u00a0\u00bbon||\u00a0\u00bb custom_padding_phone=\u00a0\u00bb0px||0px|\u00a0\u00bb custom_padding_last_edited=\u00a0\u00bbon|phone\u00a0\u00bb][et_pb_fullwidth_header admin_label=\u00a0\u00bbFullwidth Header\u00a0\u00bb title=\u00a0\u00bb2010 Personnes honor\u00e9es\u00a0\u00bb background_layout=\u00a0\u00bbdark\u00a0\u00bb text_orientation=\u00a0\u00bbleft\u00a0\u00bb header_fullscreen=\u00a0\u00bboff\u00a0\u00bb header_scroll_down=\u00a0\u00bboff\u00a0\u00bb background_url=\u00a0\u00bbhttp:\/\/teachingawards.ca\/wp-content\/uploads\/2017\/01\/Nominating-page-banner.jpg\u00a0\u00bb parallax=\u00a0\u00bboff\u00a0\u00bb parallax_method=\u00a0\u00bboff\u00a0\u00bb content_orientation=\u00a0\u00bbcenter\u00a0\u00bb image_orientation=\u00a0\u00bbcenter\u00a0\u00bb custom_button_one=\u00a0\u00bboff\u00a0\u00bb button_one_border_width=\u00a0\u00bb0&Prime; button_one_letter_spacing=\u00a0\u00bb0&Prime; button_one_use_icon=\u00a0\u00bbdefault\u00a0\u00bb button_one_icon_placement=\u00a0\u00bbright\u00a0\u00bb button_one_on_hover=\u00a0\u00bbon\u00a0\u00bb button_one_letter_spacing_hover=\u00a0\u00bb0&Prime; custom_button_two=\u00a0\u00bboff\u00a0\u00bb button_two_border_width=\u00a0\u00bb0&Prime; button_two_letter_spacing=\u00a0\u00bb0&Prime; button_two_use_icon=\u00a0\u00bbdefault\u00a0\u00bb button_two_icon_placement=\u00a0\u00bbright\u00a0\u00bb button_two_on_hover=\u00a0\u00bbon\u00a0\u00bb button_two_letter_spacing_hover=\u00a0\u00bb0&Prime; custom_css_main_element=\u00a0\u00bbheight: 200px\u00a0\u00bb custom_css_title=\u00a0\u00bbmargin-top: 80px\u00a0\u00bb module_class=\u00a0\u00bbtext_shadow_here\u00a0\u00bb button_one_border_radius=\u00a0\u00bb0&Prime; button_two_border_radius=\u00a0\u00bb0&Prime;] [\/et_pb_fullwidth_header][\/et_pb_section][et_pb_section admin_label=\u00a0\u00bbSection\u00a0\u00bb global_module=\u00a0\u00bb1998&Prime; fullwidth=\u00a0\u00bbon\u00a0\u00bb specialty=\u00a0\u00bboff\u00a0\u00bb transparent_background=\u00a0\u00bboff\u00a0\u00bb background_color=\u00a0\u00bb#ffffff\u00a0\u00bb allow_player_pause=\u00a0\u00bboff\u00a0\u00bb inner_shadow=\u00a0\u00bboff\u00a0\u00bb parallax=\u00a0\u00bboff\u00a0\u00bb parallax_method=\u00a0\u00bboff\u00a0\u00bb custom_padding=\u00a0\u00bb||0px|\u00a0\u00bb padding_mobile=\u00a0\u00bboff\u00a0\u00bb make_fullwidth=\u00a0\u00bboff\u00a0\u00bb use_custom_width=\u00a0\u00bboff\u00a0\u00bb width_unit=\u00a0\u00bbon\u00a0\u00bb make_equal=\u00a0\u00bboff\u00a0\u00bb use_custom_gutter=\u00a0\u00bboff\u00a0\u00bb disabled=\u00a0\u00bboff\u00a0\u00bb disabled_on=\u00a0\u00bb|on|on\u00a0\u00bb][et_pb_fullwidth_header global_parent=\u00a0\u00bb1998&Prime; admin_label=\u00a0\u00bbFullwidth Header\u00a0\u00bb background_layout=\u00a0\u00bbdark\u00a0\u00bb text_orientation=\u00a0\u00bbleft\u00a0\u00bb header_fullscreen=\u00a0\u00bboff\u00a0\u00bb header_scroll_down=\u00a0\u00bboff\u00a0\u00bb background_url=\u00a0\u00bbhttp:\/\/teachingawards.ca\/wp-content\/uploads\/2017\/01\/Nominating-page-banner.jpg\u00a0\u00bb parallax=\u00a0\u00bboff\u00a0\u00bb parallax_method=\u00a0\u00bboff\u00a0\u00bb content_orientation=\u00a0\u00bbcenter\u00a0\u00bb image_orientation=\u00a0\u00bbcenter\u00a0\u00bb custom_button_one=\u00a0\u00bboff\u00a0\u00bb button_one_border_width=\u00a0\u00bb0&Prime; button_one_letter_spacing=\u00a0\u00bb0&Prime; button_one_use_icon=\u00a0\u00bbdefault\u00a0\u00bb button_one_icon_placement=\u00a0\u00bbright\u00a0\u00bb button_one_on_hover=\u00a0\u00bbon\u00a0\u00bb button_one_letter_spacing_hover=\u00a0\u00bb0&Prime; custom_button_two=\u00a0\u00bboff\u00a0\u00bb button_two_border_width=\u00a0\u00bb0&Prime; button_two_letter_spacing=\u00a0\u00bb0&Prime; button_two_use_icon=\u00a0\u00bbdefault\u00a0\u00bb button_two_icon_placement=\u00a0\u00bbright\u00a0\u00bb button_two_on_hover=\u00a0\u00bbon\u00a0\u00bb button_two_letter_spacing_hover=\u00a0\u00bb0&Prime; custom_css_main_element=\u00a0\u00bbheight: 200px\u00a0\u00bb custom_css_title=\u00a0\u00bbmargin-top: 80px\u00a0\u00bb module_class=\u00a0\u00bbtext_shadow_here\u00a0\u00bb button_one_border_radius=\u00a0\u00bb0&Prime; button_two_border_radius=\u00a0\u00bb0&Prime;] [\/et_pb_fullwidth_header][\/et_pb_section][et_pb_section admin_label=\u00a0\u00bbSection\u00a0\u00bb fullwidth=\u00a0\u00bboff\u00a0\u00bb specialty=\u00a0\u00bboff\u00a0\u00bb transparent_background=\u00a0\u00bboff\u00a0\u00bb background_color=\u00a0\u00bb#ffffff\u00a0\u00bb allow_player_pause=\u00a0\u00bboff\u00a0\u00bb inner_shadow=\u00a0\u00bboff\u00a0\u00bb parallax=\u00a0\u00bboff\u00a0\u00bb parallax_method=\u00a0\u00bboff\u00a0\u00bb padding_mobile=\u00a0\u00bbon\u00a0\u00bb make_fullwidth=\u00a0\u00bboff\u00a0\u00bb use_custom_width=\u00a0\u00bboff\u00a0\u00bb width_unit=\u00a0\u00bbon\u00a0\u00bb make_equal=\u00a0\u00bboff\u00a0\u00bb use_custom_gutter=\u00a0\u00bboff\u00a0\u00bb custom_padding_phone=\u00a0\u00bb0px||30px|\u00a0\u00bb custom_padding_last_edited=\u00a0\u00bbon|desktop\u00a0\u00bb][et_pb_row admin_label=\u00a0\u00bbRow\u00a0\u00bb make_fullwidth=\u00a0\u00bboff\u00a0\u00bb use_custom_width=\u00a0\u00bboff\u00a0\u00bb width_unit=\u00a0\u00bbon\u00a0\u00bb use_custom_gutter=\u00a0\u00bboff\u00a0\u00bb padding_mobile=\u00a0\u00bboff\u00a0\u00bb allow_player_pause=\u00a0\u00bboff\u00a0\u00bb parallax=\u00a0\u00bboff\u00a0\u00bb parallax_method=\u00a0\u00bboff\u00a0\u00bb make_equal=\u00a0\u00bboff\u00a0\u00bb parallax_1=\u00a0\u00bboff\u00a0\u00bb parallax_method_1=\u00a0\u00bboff\u00a0\u00bb parallax_2=\u00a0\u00bboff\u00a0\u00bb parallax_method_2=\u00a0\u00bboff\u00a0\u00bb column_padding_mobile=\u00a0\u00bbon\u00a0\u00bb disabled=\u00a0\u00bboff\u00a0\u00bb disabled_on=\u00a0\u00bbon|on|\u00a0\u00bb][et_pb_column type=\u00a0\u00bb4_4&Prime;][et_pb_text admin_label=\u00a0\u00bbText\u00a0\u00bb background_layout=\u00a0\u00bblight\u00a0\u00bb text_orientation=\u00a0\u00bbleft\u00a0\u00bb use_border_color=\u00a0\u00bboff\u00a0\u00bb border_color=\u00a0\u00bb#ffffff\u00a0\u00bb border_style=\u00a0\u00bbsolid\u00a0\u00bb]<\/p>\n<h2 class=\"date\">Le 30 septembre 2010<\/h2>\n<p>L\u2019UNESCO a institu\u00e9 en 1994 la Journ\u00e9e mondiale des enseignantes et des enseignants, c\u00e9l\u00e9br\u00e9e le 5 octobre. En reconnaissance de cette journ\u00e9e sp\u00e9ciale, la F\u00e9d\u00e9ration des enseignantes et des enseignants de l\u2019Ontario tiendra sa septi\u00e8me c\u00e9r\u00e9monie annuelle de remise des Prix d\u2019enseignement du RAEO le 30 septembre \u00e0 l\u2019Enoch Turner Schoolhouse, \u00e0 Toronto.<\/p>\n<p>Le R\u00e9gime d\u2019assurance des enseignantes et des enseignants de l\u2019Ontario parraine les prix, qui sont administr\u00e9s par la F\u00e9d\u00e9ration des enseignantes et des enseignants de l\u2019Ontario.<\/p>\n<p>De nouveau cette ann\u00e9e, trois membres du personnel enseignant seront honor\u00e9s pour la passion et le professionnalisme dont elles et ils t\u00e9moignent \u00e0 l\u2019\u00e9gard de l\u2019\u00e9ducation et de l\u2019enseignement.<\/p>\n<p><span style=\"color: #3b7995;\"><strong>Les personnes suivantes ont re\u00e7u un Prix d\u2019enseignement du RAEO :<\/strong><\/span><\/p>\n<p>[\/et_pb_text][\/et_pb_column][\/et_pb_row][et_pb_row admin_label=\u00a0\u00bbMobile Year Intro text\u00a0\u00bb make_fullwidth=\u00a0\u00bboff\u00a0\u00bb use_custom_width=\u00a0\u00bboff\u00a0\u00bb width_unit=\u00a0\u00bbon\u00a0\u00bb use_custom_gutter=\u00a0\u00bboff\u00a0\u00bb padding_mobile=\u00a0\u00bbon\u00a0\u00bb allow_player_pause=\u00a0\u00bboff\u00a0\u00bb parallax=\u00a0\u00bboff\u00a0\u00bb parallax_method=\u00a0\u00bboff\u00a0\u00bb make_equal=\u00a0\u00bboff\u00a0\u00bb parallax_1=\u00a0\u00bboff\u00a0\u00bb parallax_method_1=\u00a0\u00bboff\u00a0\u00bb column_padding_mobile=\u00a0\u00bbon\u00a0\u00bb disabled=\u00a0\u00bboff\u00a0\u00bb disabled_on=\u00a0\u00bb||on\u00a0\u00bb custom_padding=\u00a0\u00bb||0px|\u00a0\u00bb custom_padding_phone=\u00a0\u00bb30px||0px|\u00a0\u00bb custom_padding_last_edited=\u00a0\u00bbon|phone\u00a0\u00bb][et_pb_column type=\u00a0\u00bb4_4&Prime;][et_pb_text admin_label=\u00a0\u00bbMobile Year Intro Text\u00a0\u00bb background_layout=\u00a0\u00bblight\u00a0\u00bb text_orientation=\u00a0\u00bbleft\u00a0\u00bb use_border_color=\u00a0\u00bboff\u00a0\u00bb border_color=\u00a0\u00bb#ffffff\u00a0\u00bb border_style=\u00a0\u00bbsolid\u00a0\u00bb custom_padding=\u00a0\u00bb||0px|\u00a0\u00bb disabled=\u00a0\u00bboff\u00a0\u00bb disabled_on=\u00a0\u00bb||on\u00a0\u00bb]<\/p>\n<h3>2010 Personnes honor\u00e9es<\/h3>\n<p class=\"date\"><strong>Le 30 septembre 2010<\/strong><\/p>\n<p>L\u2019UNESCO a institu\u00e9 en 1994 la Journ\u00e9e mondiale des enseignantes et des enseignants, c\u00e9l\u00e9br\u00e9e le 5 octobre. En reconnaissance de cette journ\u00e9e sp\u00e9ciale, la F\u00e9d\u00e9ration des enseignantes et des enseignants de l\u2019Ontario tiendra sa septi\u00e8me c\u00e9r\u00e9monie annuelle de remise des Prix d\u2019enseignement du RAEO le 30 septembre \u00e0 l\u2019Enoch Turner Schoolhouse, \u00e0 Toronto.<\/p>\n<p>Le R\u00e9gime d\u2019assurance des enseignantes et des enseignants de l\u2019Ontario parraine les prix, qui sont administr\u00e9s par la F\u00e9d\u00e9ration des enseignantes et des enseignants de l\u2019Ontario.<\/p>\n<p>De nouveau cette ann\u00e9e, trois membres du personnel enseignant seront honor\u00e9s pour la passion et le professionnalisme dont elles et ils t\u00e9moignent \u00e0 l\u2019\u00e9gard de l\u2019\u00e9ducation et de l\u2019enseignement.<\/p>\n<p><span style=\"color: #3b7995;\"><strong>Les personnes suivantes ont re\u00e7u un Prix d\u2019enseignement du RAEO :<\/strong><\/span><\/p>\n<p>[\/et_pb_text][\/et_pb_column][\/et_pb_row][\/et_pb_section][et_pb_section admin_label=\u00a0\u00bbSection\u00a0\u00bb fullwidth=\u00a0\u00bboff\u00a0\u00bb specialty=\u00a0\u00bboff\u00a0\u00bb transparent_background=\u00a0\u00bboff\u00a0\u00bb background_color=\u00a0\u00bbrgba(187,152,107,0.1)\u00a0\u00bb allow_player_pause=\u00a0\u00bboff\u00a0\u00bb inner_shadow=\u00a0\u00bboff\u00a0\u00bb parallax=\u00a0\u00bboff\u00a0\u00bb parallax_method=\u00a0\u00bboff\u00a0\u00bb padding_mobile=\u00a0\u00bbon\u00a0\u00bb make_fullwidth=\u00a0\u00bboff\u00a0\u00bb use_custom_width=\u00a0\u00bboff\u00a0\u00bb width_unit=\u00a0\u00bbon\u00a0\u00bb make_equal=\u00a0\u00bboff\u00a0\u00bb use_custom_gutter=\u00a0\u00bboff\u00a0\u00bb module_id=\u00a0\u00bbw1&Prime; custom_padding_phone=\u00a0\u00bb0px||30px|\u00a0\u00bb custom_padding_last_edited=\u00a0\u00bbon|desktop\u00a0\u00bb][et_pb_row admin_label=\u00a0\u00bbRow\u00a0\u00bb make_fullwidth=\u00a0\u00bboff\u00a0\u00bb use_custom_width=\u00a0\u00bboff\u00a0\u00bb width_unit=\u00a0\u00bbon\u00a0\u00bb use_custom_gutter=\u00a0\u00bboff\u00a0\u00bb custom_padding=\u00a0\u00bb||30px|\u00a0\u00bb padding_mobile=\u00a0\u00bbon\u00a0\u00bb allow_player_pause=\u00a0\u00bboff\u00a0\u00bb parallax=\u00a0\u00bboff\u00a0\u00bb parallax_method=\u00a0\u00bboff\u00a0\u00bb make_equal=\u00a0\u00bboff\u00a0\u00bb parallax_1=\u00a0\u00bboff\u00a0\u00bb parallax_method_1=\u00a0\u00bboff\u00a0\u00bb column_padding_mobile=\u00a0\u00bbon\u00a0\u00bb custom_padding_phone=\u00a0\u00bb||0px|\u00a0\u00bb custom_padding_last_edited=\u00a0\u00bbon|desktop\u00a0\u00bb][et_pb_column type=\u00a0\u00bb4_4&Prime;][et_pb_text admin_label=\u00a0\u00bbBeginning Teacher Name\u00a0\u00bb background_layout=\u00a0\u00bblight\u00a0\u00bb text_orientation=\u00a0\u00bbleft\u00a0\u00bb use_border_color=\u00a0\u00bboff\u00a0\u00bb border_color=\u00a0\u00bb#ffffff\u00a0\u00bb border_style=\u00a0\u00bbsolid\u00a0\u00bb]<\/p>\n<p><em>Enseignante d\u00e9butante<\/em><\/p>\n<h2><strong>Matt Biggley<\/strong><\/h2>\n<p>Vincent Massey Secondary School, Windsor<\/p>\n<p style=\"font-size: 17px;\">[\/et_pb_text][et_pb_video admin_label=\u00a0\u00bbBeginning Teacher Video\u00a0\u00bb play_icon_color=\u00a0\u00bb#bb986b\u00a0\u00bb src=\u00a0\u00bbhttps:\/\/youtu.be\/Ygk60zhLD2E?list=PLUtnwjexppUZ41eyRFkIonF3hBRbtvVh1&Prime;] [\/et_pb_video][et_pb_text admin_label=\u00a0\u00bbBeginning Teacher Text\u00a0\u00bb background_layout=\u00a0\u00bblight\u00a0\u00bb text_orientation=\u00a0\u00bbleft\u00a0\u00bb use_border_color=\u00a0\u00bboff\u00a0\u00bb border_color=\u00a0\u00bb#ffffff\u00a0\u00bb border_style=\u00a0\u00bbsolid\u00a0\u00bb]<\/p>\n<p>L\u2019une de nos cat\u00e9gories est r\u00e9serv\u00e9e aux membres du personnel enseignant qui en sont aux cinq premi\u00e8res ann\u00e9es de leur pratique enseignante. Les candidatures de cette ann\u00e9e dans cette cat\u00e9gorie \u00e9taient tr\u00e8s impressionnantes. La passion et l\u2019innovation dont font preuve les membres les plus nouveaux de notre profession confirment que l\u2019avenir de l\u2019\u00e9ducation est assur\u00e9. Le laur\u00e9at de cette ann\u00e9e, Matt Biggley, incarne toutes les promesses que portent nos plus jeunes enseignantes et enseignants.<\/p>\n<p>Matt enseigne l\u2019histoire \u00e0 la Vincent Massey Secondary School, \u00e0 Windsor. L\u2019histoire est une mati\u00e8re qui offre de tr\u00e8s vastes possibilit\u00e9s pour mobiliser les \u00e9l\u00e8ves. Le probl\u00e8me, c\u2019est que les \u00e9l\u00e8ves ont souvent de l\u2019histoire des id\u00e9es pr\u00e9con\u00e7ues qui ne sont pas toujours positives. Matt est d\u00e9termin\u00e9 \u00e0 rendre l\u2019histoire vivante pour ses \u00e9l\u00e8ves et \u00e0 la mettre en lien avec leur vie contemporaine active.<\/p>\n<p style=\"font-size: 17px;\">[\/et_pb_text][\/et_pb_column][\/et_pb_row][\/et_pb_section][et_pb_section admin_label=\u00a0\u00bbSection\u00a0\u00bb fullwidth=\u00a0\u00bboff\u00a0\u00bb specialty=\u00a0\u00bboff\u00a0\u00bb transparent_background=\u00a0\u00bboff\u00a0\u00bb background_color=\u00a0\u00bb#ffffff\u00a0\u00bb allow_player_pause=\u00a0\u00bboff\u00a0\u00bb inner_shadow=\u00a0\u00bboff\u00a0\u00bb parallax=\u00a0\u00bboff\u00a0\u00bb parallax_method=\u00a0\u00bboff\u00a0\u00bb padding_mobile=\u00a0\u00bbon\u00a0\u00bb make_fullwidth=\u00a0\u00bboff\u00a0\u00bb use_custom_width=\u00a0\u00bboff\u00a0\u00bb width_unit=\u00a0\u00bbon\u00a0\u00bb make_equal=\u00a0\u00bboff\u00a0\u00bb use_custom_gutter=\u00a0\u00bboff\u00a0\u00bb module_id=\u00a0\u00bbw2&Prime; custom_padding_last_edited=\u00a0\u00bbon|desktop\u00a0\u00bb custom_padding_phone=\u00a0\u00bb0px||30px|\u00a0\u00bb][et_pb_row admin_label=\u00a0\u00bbRow\u00a0\u00bb make_fullwidth=\u00a0\u00bboff\u00a0\u00bb use_custom_width=\u00a0\u00bboff\u00a0\u00bb width_unit=\u00a0\u00bbon\u00a0\u00bb use_custom_gutter=\u00a0\u00bboff\u00a0\u00bb custom_padding=\u00a0\u00bb||30px|\u00a0\u00bb padding_mobile=\u00a0\u00bbon\u00a0\u00bb allow_player_pause=\u00a0\u00bboff\u00a0\u00bb parallax=\u00a0\u00bboff\u00a0\u00bb parallax_method=\u00a0\u00bboff\u00a0\u00bb make_equal=\u00a0\u00bboff\u00a0\u00bb parallax_1=\u00a0\u00bboff\u00a0\u00bb parallax_method_1=\u00a0\u00bboff\u00a0\u00bb column_padding_mobile=\u00a0\u00bbon\u00a0\u00bb custom_padding_phone=\u00a0\u00bb||0px|\u00a0\u00bb custom_padding_last_edited=\u00a0\u00bbon|desktop\u00a0\u00bb][et_pb_column type=\u00a0\u00bb4_4&Prime;][et_pb_text admin_label=\u00a0\u00bbElementary Teacher Name\u00a0\u00bb background_layout=\u00a0\u00bblight\u00a0\u00bb text_orientation=\u00a0\u00bbleft\u00a0\u00bb use_border_color=\u00a0\u00bboff\u00a0\u00bb border_color=\u00a0\u00bb#ffffff\u00a0\u00bb border_style=\u00a0\u00bbsolid\u00a0\u00bb]<\/p>\n<p><em>Enseignante \u00e0 l&rsquo;\u00e9l\u00e9mentaire<\/em><\/p>\n<h2><strong>Alice D\u00e9sormeaux<\/strong><\/h2>\n<p>St Anne Separate School, Hanmer<\/p>\n<p style=\"font-size: 17px;\">[\/et_pb_text][et_pb_video admin_label=\u00a0\u00bbElementary Teacher Video\u00a0\u00bb play_icon_color=\u00a0\u00bb#bb986b\u00a0\u00bb src=\u00a0\u00bbhttps:\/\/youtu.be\/6JHtQCJZOH4?list=PLUtnwjexppUZ41eyRFkIonF3hBRbtvVh1&Prime;] [\/et_pb_video][et_pb_text admin_label=\u00a0\u00bbElementary Teacher Text\u00a0\u00bb background_layout=\u00a0\u00bblight\u00a0\u00bb text_orientation=\u00a0\u00bbleft\u00a0\u00bb use_border_color=\u00a0\u00bboff\u00a0\u00bb border_color=\u00a0\u00bb#ffffff\u00a0\u00bb border_style=\u00a0\u00bbsolid\u00a0\u00bb]<\/p>\n<p>Lorsque des parents envoient leurs enfants \u00e0 l\u2019\u00e9cole, elles et ils nous envoient leurs espoirs. \u00ab Alice croit fermement que l\u2019apprentissage doit \u00eatre amusant et agr\u00e9able pour tout le monde \u00bb, a d\u00e9clar\u00e9 un parent qui a appuy\u00e9 la candidature d\u2019Alice.<\/p>\n<p>Les coll\u00e8gues d\u2019Alice appr\u00e9cient \u00e9galement ses forces formidables. Selon la personne qui a propos\u00e9 sa candidature, \u00ab Alice mobilise ses \u00e9l\u00e8ves en mettant l\u2019accent sur l\u2019enseignement ax\u00e9 sur l\u2019enfant. Elle croit au soutien de l\u2019individu au complet et se concentre sur toutes les forces de ses \u00e9l\u00e8ves. Son d\u00e9vouement \u00e0 l\u2019endroit de ses \u00e9l\u00e8ves vient de sa d\u00e9termination \u00e0 traiter toutes et tous les \u00e9l\u00e8ves qui lui sont confi\u00e9s comme si elles et ils \u00e9taient ses enfants. \u00bb<\/p>\n<p>La salle de classe d\u2019Alice est vraiment un lieu d\u2019apprentissage amusant et joyeux.<\/p>\n<p style=\"font-size: 17px;\">[\/et_pb_text][\/et_pb_column][\/et_pb_row][\/et_pb_section][et_pb_section admin_label=\u00a0\u00bbSection\u00a0\u00bb fullwidth=\u00a0\u00bboff\u00a0\u00bb specialty=\u00a0\u00bboff\u00a0\u00bb transparent_background=\u00a0\u00bboff\u00a0\u00bb background_color=\u00a0\u00bbrgba(187,152,107,0.1)\u00a0\u00bb allow_player_pause=\u00a0\u00bboff\u00a0\u00bb inner_shadow=\u00a0\u00bboff\u00a0\u00bb parallax=\u00a0\u00bboff\u00a0\u00bb parallax_method=\u00a0\u00bboff\u00a0\u00bb custom_padding=\u00a0\u00bb|0px||0px\u00a0\u00bb padding_mobile=\u00a0\u00bbon\u00a0\u00bb make_fullwidth=\u00a0\u00bboff\u00a0\u00bb use_custom_width=\u00a0\u00bboff\u00a0\u00bb width_unit=\u00a0\u00bbon\u00a0\u00bb make_equal=\u00a0\u00bboff\u00a0\u00bb use_custom_gutter=\u00a0\u00bboff\u00a0\u00bb module_id=\u00a0\u00bbw3&Prime; custom_padding_last_edited=\u00a0\u00bbon|desktop\u00a0\u00bb custom_padding_phone=\u00a0\u00bb0px|0px|0px|0px\u00a0\u00bb][et_pb_row admin_label=\u00a0\u00bbRow\u00a0\u00bb][et_pb_column type=\u00a0\u00bb4_4&Prime;][et_pb_text admin_label=\u00a0\u00bbSecondary Teacher Name\u00a0\u00bb background_layout=\u00a0\u00bblight\u00a0\u00bb text_orientation=\u00a0\u00bbleft\u00a0\u00bb use_border_color=\u00a0\u00bboff\u00a0\u00bb border_color=\u00a0\u00bb#ffffff\u00a0\u00bb border_style=\u00a0\u00bbsolid\u00a0\u00bb]<\/p>\n<p><em>Enseignante au secondaire<\/em><\/p>\n<h2><strong>Colleen Drew-Baehre<\/strong><\/h2>\n<p>North Hastings High School, Bancroft<\/p>\n<p style=\"font-size: 17px;\">[\/et_pb_text][et_pb_video admin_label=\u00a0\u00bbSecondary Teacher Video\u00a0\u00bb play_icon_color=\u00a0\u00bb#bb986b\u00a0\u00bb src=\u00a0\u00bbhttps:\/\/youtu.be\/GsOmiLCGUQM?list=PLUtnwjexppUZ41eyRFkIonF3hBRbtvVh1&Prime;] [\/et_pb_video][et_pb_text admin_label=\u00a0\u00bbSecondary Teacher Text\u00a0\u00bb background_layout=\u00a0\u00bblight\u00a0\u00bb text_orientation=\u00a0\u00bbleft\u00a0\u00bb use_border_color=\u00a0\u00bboff\u00a0\u00bb border_color=\u00a0\u00bb#ffffff\u00a0\u00bb border_style=\u00a0\u00bbsolid\u00a0\u00bb]<\/p>\n<p>\u00ab Colleen Drew-Baehre est une enseignante qui incarne les nombreuses qualit\u00e9s d\u2019une bonne p\u00e9dagogue. Elle fait preuve de bienveillance et de compassion envers toutes et tous ses \u00e9l\u00e8ves; elle use de cr\u00e9ativit\u00e9 dans la conception et l\u2019utilisation de m\u00e9thodes d\u2019enseignement, tout en stimulant la curiosit\u00e9 de ses \u00e9l\u00e8ves et en leur inculquant un sentiment d\u2019appartenance. \u00bb C\u2019est ce qu\u2019a dit de Colleen la personne qui a propos\u00e9 sa candidature.<\/p>\n<p>Le reste du texte de mise en candidature fait le portrait d\u2019une enseignante attachante et novatrice. Colleen rend ses cours int\u00e9ressants pour ses \u00e9l\u00e8ves, int\u00e9gr\u00e9s \u00e0 sa collectivit\u00e9 et ancr\u00e9s dans l\u2019ici et le maintenant. Elle est tr\u00e8s respect\u00e9e de ses coll\u00e8gues, de ses \u00e9l\u00e8ves et de leurs parents.<\/p>\n<p>Dans son enseignement de la g\u00e9ographie, Colleen met l\u2019accent sur la connaissance et la compr\u00e9hension de l\u2019environnement. Sa vision de l\u2019\u00e9ducation l\u2019incite \u00e0 donner \u00e0 ses \u00e9l\u00e8ves une exp\u00e9rience concr\u00e8te de ce qui doit \u00eatre appr\u00e9ci\u00e9 dans le vaste environnement naturel de l\u2019Ontario.<\/p>\n<p style=\"font-size: 17px;\">[\/et_pb_text][\/et_pb_column][\/et_pb_row][\/et_pb_section][et_pb_section admin_label=\u00a0\u00bbSection\u00a0\u00bb global_module=\u00a0\u00bb1866&Prime; fullwidth=\u00a0\u00bboff\u00a0\u00bb specialty=\u00a0\u00bboff\u00a0\u00bb transparent_background=\u00a0\u00bboff\u00a0\u00bb background_color=\u00a0\u00bb#ffffff\u00a0\u00bb allow_player_pause=\u00a0\u00bboff\u00a0\u00bb inner_shadow=\u00a0\u00bboff\u00a0\u00bb parallax=\u00a0\u00bboff\u00a0\u00bb parallax_method=\u00a0\u00bboff\u00a0\u00bb custom_padding=\u00a0\u00bb||0px|\u00a0\u00bb padding_mobile=\u00a0\u00bbon\u00a0\u00bb make_fullwidth=\u00a0\u00bboff\u00a0\u00bb use_custom_width=\u00a0\u00bboff\u00a0\u00bb width_unit=\u00a0\u00bbon\u00a0\u00bb make_equal=\u00a0\u00bboff\u00a0\u00bb use_custom_gutter=\u00a0\u00bboff\u00a0\u00bb custom_padding_last_edited=\u00a0\u00bbon|desktop\u00a0\u00bb disabled=\u00a0\u00bboff\u00a0\u00bb disabled_on=\u00a0\u00bbon|off|off\u00a0\u00bb][et_pb_row global_parent=\u00a0\u00bb1866&Prime; admin_label=\u00a0\u00bbRow\u00a0\u00bb make_fullwidth=\u00a0\u00bboff\u00a0\u00bb use_custom_width=\u00a0\u00bboff\u00a0\u00bb width_unit=\u00a0\u00bbon\u00a0\u00bb use_custom_gutter=\u00a0\u00bbon\u00a0\u00bb gutter_width=\u00a0\u00bb0&Prime; padding_mobile=\u00a0\u00bboff\u00a0\u00bb allow_player_pause=\u00a0\u00bboff\u00a0\u00bb parallax=\u00a0\u00bboff\u00a0\u00bb parallax_method=\u00a0\u00bboff\u00a0\u00bb make_equal=\u00a0\u00bboff\u00a0\u00bb parallax_1=\u00a0\u00bboff\u00a0\u00bb parallax_method_1=\u00a0\u00bboff\u00a0\u00bb column_padding_mobile=\u00a0\u00bbon\u00a0\u00bb parallax_2=\u00a0\u00bboff\u00a0\u00bb parallax_method_2=\u00a0\u00bboff\u00a0\u00bb][et_pb_column type=\u00a0\u00bb1_2&Prime;][et_pb_image global_parent=\u00a0\u00bb1866&Prime; admin_label=\u00a0\u00bbImage\u00a0\u00bb src=\u00a0\u00bbhttp:\/\/teachingawards.ca\/wp-content\/uploads\/2016\/09\/OTIP-Logo-FR-100.jpg\u00a0\u00bb show_in_lightbox=\u00a0\u00bboff\u00a0\u00bb url_new_window=\u00a0\u00bboff\u00a0\u00bb use_overlay=\u00a0\u00bboff\u00a0\u00bb animation=\u00a0\u00bboff\u00a0\u00bb sticky=\u00a0\u00bboff\u00a0\u00bb align=\u00a0\u00bbleft\u00a0\u00bb force_fullwidth=\u00a0\u00bboff\u00a0\u00bb always_center_on_mobile=\u00a0\u00bboff\u00a0\u00bb use_border_color=\u00a0\u00bboff\u00a0\u00bb border_color=\u00a0\u00bb#ffffff\u00a0\u00bb border_style=\u00a0\u00bbsolid\u00a0\u00bb custom_css_main_element=\u00a0\u00bbvertical-align: bottom\u00a0\u00bb] [\/et_pb_image][\/et_pb_column][et_pb_column type=\u00a0\u00bb1_2&Prime;][et_pb_text global_parent=\u00a0\u00bb1866&Prime; admin_label=\u00a0\u00bbText\u00a0\u00bb background_layout=\u00a0\u00bblight\u00a0\u00bb text_orientation=\u00a0\u00bbright\u00a0\u00bb use_border_color=\u00a0\u00bboff\u00a0\u00bb border_color=\u00a0\u00bb#ffffff\u00a0\u00bb border_style=\u00a0\u00bbsolid\u00a0\u00bb custom_margin=\u00a0\u00bb80px|||\u00a0\u00bb]<\/p>\n<p style=\"text-align: right; font-size: 14px;\">\u00a92017 TeachingAwards.ca<\/p>\n<p style=\"font-size: 17px;\">[\/et_pb_text][\/et_pb_column][\/et_pb_row][\/et_pb_section]<\/p>\n","protected":false},"excerpt":{"rendered":"<p>Le 30 septembre 2010 L\u2019UNESCO a institu\u00e9 en 1994 la Journ\u00e9e mondiale des enseignantes et des enseignants, c\u00e9l\u00e9br\u00e9e le 5 octobre. En reconnaissance de cette journ\u00e9e sp\u00e9ciale, la F\u00e9d\u00e9ration des enseignantes et des enseignants de l\u2019Ontario tiendra sa septi\u00e8me c\u00e9r\u00e9monie annuelle de remise des Prix d\u2019enseignement du RAEO le 30 septembre \u00e0 l\u2019Enoch Turner Schoolhouse, [&hellip;]<\/p>\n","protected":false},"author":2,"featured_media":0,"parent":0,"menu_order":0,"comment_status":"closed","ping_status":"closed","template":"","meta":{"_et_pb_use_builder":"on","_et_pb_old_content":"","_et_gb_content_width":"","footnotes":""},"_links":{"self":[{"href":"https:\/\/teachingawards.ca\/fr\/wp-json\/wp\/v2\/pages\/1684"}],"collection":[{"href":"https:\/\/teachingawards.ca\/fr\/wp-json\/wp\/v2\/pages"}],"about":[{"href":"https:\/\/teachingawards.ca\/fr\/wp-json\/wp\/v2\/types\/page"}],"author":[{"embeddable":true,"href":"https:\/\/teachingawards.ca\/fr\/wp-json\/wp\/v2\/users\/2"}],"replies":[{"embeddable":true,"href":"https:\/\/teachingawards.ca\/fr\/wp-json\/wp\/v2\/comments?post=1684"}],"version-history":[{"count":20,"href":"https:\/\/teachingawards.ca\/fr\/wp-json\/wp\/v2\/pages\/1684\/revisions"}],"predecessor-version":[{"id":2281,"href":"https:\/\/teachingawards.ca\/fr\/wp-json\/wp\/v2\/pages\/1684\/revisions\/2281"}],"wp:attachment":[{"href":"https:\/\/teachingawards.ca\/fr\/wp-json\/wp\/v2\/media?parent=1684"}],"curies":[{"name":"wp","href":"https:\/\/api.w.org\/{rel}","templated":true}]}}