{"id":3013,"date":"2019-09-25T08:09:01","date_gmt":"2019-09-25T13:09:01","guid":{"rendered":"http:\/\/teachingawards.ca\/?page_id=3013"},"modified":"2019-09-25T11:40:31","modified_gmt":"2019-09-25T16:40:31","slug":"2019-personnes-honorees","status":"publish","type":"page","link":"https:\/\/teachingawards.ca\/fr\/2019-personnes-honorees\/","title":{"rendered":"2019 Personnes honor\u00e9es"},"content":{"rendered":"<p>[et_pb_section admin_label=\u00a0\u00bbSection\u00a0\u00bb fullwidth=\u00a0\u00bbon\u00a0\u00bb specialty=\u00a0\u00bboff\u00a0\u00bb transparent_background=\u00a0\u00bboff\u00a0\u00bb background_color=\u00a0\u00bb#ffffff\u00a0\u00bb allow_player_pause=\u00a0\u00bboff\u00a0\u00bb inner_shadow=\u00a0\u00bboff\u00a0\u00bb parallax=\u00a0\u00bboff\u00a0\u00bb parallax_method=\u00a0\u00bboff\u00a0\u00bb padding_mobile=\u00a0\u00bboff\u00a0\u00bb make_fullwidth=\u00a0\u00bboff\u00a0\u00bb use_custom_width=\u00a0\u00bboff\u00a0\u00bb width_unit=\u00a0\u00bbon\u00a0\u00bb make_equal=\u00a0\u00bboff\u00a0\u00bb use_custom_gutter=\u00a0\u00bboff\u00a0\u00bb disabled=\u00a0\u00bboff\u00a0\u00bb disabled_on=\u00a0\u00bbon||\u00a0\u00bb][et_pb_fullwidth_header admin_label=\u00a0\u00bbDesktop: Fullwidth Header\u00a0\u00bb title=\u00a0\u00bb2019 Personnes honor\u00e9es\u00a0\u00bb background_layout=\u00a0\u00bbdark\u00a0\u00bb text_orientation=\u00a0\u00bbleft\u00a0\u00bb header_fullscreen=\u00a0\u00bboff\u00a0\u00bb header_scroll_down=\u00a0\u00bboff\u00a0\u00bb background_url=\u00a0\u00bbhttp:\/\/teachingawards.ca\/wp-content\/uploads\/2017\/01\/Winning-teachers-banner.jpg\u00a0\u00bb parallax=\u00a0\u00bboff\u00a0\u00bb parallax_method=\u00a0\u00bboff\u00a0\u00bb content_orientation=\u00a0\u00bbcenter\u00a0\u00bb image_orientation=\u00a0\u00bbcenter\u00a0\u00bb custom_button_one=\u00a0\u00bboff\u00a0\u00bb button_one_border_width=\u00a0\u00bb0&Prime; button_one_letter_spacing=\u00a0\u00bb0&Prime; button_one_use_icon=\u00a0\u00bbdefault\u00a0\u00bb button_one_icon_placement=\u00a0\u00bbright\u00a0\u00bb button_one_on_hover=\u00a0\u00bbon\u00a0\u00bb button_one_letter_spacing_hover=\u00a0\u00bb0&Prime; custom_button_two=\u00a0\u00bboff\u00a0\u00bb button_two_border_width=\u00a0\u00bb0&Prime; button_two_letter_spacing=\u00a0\u00bb0&Prime; button_two_use_icon=\u00a0\u00bbdefault\u00a0\u00bb button_two_icon_placement=\u00a0\u00bbright\u00a0\u00bb button_two_on_hover=\u00a0\u00bbon\u00a0\u00bb button_two_letter_spacing_hover=\u00a0\u00bb0&Prime; custom_css_main_element=\u00a0\u00bbheight: 200px\u00a0\u00bb custom_css_title=\u00a0\u00bbmargin-top: 80px\u00a0\u00bb module_class=\u00a0\u00bbtext_shadow_here\u00a0\u00bb button_one_border_radius=\u00a0\u00bb0&Prime; button_two_border_radius=\u00a0\u00bb0&Prime;]<\/p>\n<p>&nbsp;<\/p>\n<p>[\/et_pb_fullwidth_header][\/et_pb_section][et_pb_section admin_label=\u00a0\u00bbSection\u00a0\u00bb fullwidth=\u00a0\u00bbon\u00a0\u00bb specialty=\u00a0\u00bboff\u00a0\u00bb transparent_background=\u00a0\u00bboff\u00a0\u00bb background_color=\u00a0\u00bb#ffffff\u00a0\u00bb allow_player_pause=\u00a0\u00bboff\u00a0\u00bb inner_shadow=\u00a0\u00bboff\u00a0\u00bb parallax=\u00a0\u00bboff\u00a0\u00bb parallax_method=\u00a0\u00bboff\u00a0\u00bb custom_padding=\u00a0\u00bb||0px|\u00a0\u00bb padding_mobile=\u00a0\u00bbon\u00a0\u00bb make_fullwidth=\u00a0\u00bboff\u00a0\u00bb use_custom_width=\u00a0\u00bboff\u00a0\u00bb width_unit=\u00a0\u00bbon\u00a0\u00bb make_equal=\u00a0\u00bboff\u00a0\u00bb use_custom_gutter=\u00a0\u00bboff\u00a0\u00bb disabled=\u00a0\u00bboff\u00a0\u00bb disabled_on=\u00a0\u00bb|on|on\u00a0\u00bb][et_pb_fullwidth_header admin_label=\u00a0\u00bbMobile: Fullwidth Header\u00a0\u00bb background_layout=\u00a0\u00bbdark\u00a0\u00bb text_orientation=\u00a0\u00bbleft\u00a0\u00bb header_fullscreen=\u00a0\u00bboff\u00a0\u00bb header_scroll_down=\u00a0\u00bboff\u00a0\u00bb background_url=\u00a0\u00bbhttp:\/\/teachingawards.ca\/wp-content\/uploads\/2017\/01\/Doutone-All.jpg\u00a0\u00bb parallax=\u00a0\u00bboff\u00a0\u00bb parallax_method=\u00a0\u00bboff\u00a0\u00bb content_orientation=\u00a0\u00bbcenter\u00a0\u00bb image_orientation=\u00a0\u00bbcenter\u00a0\u00bb custom_button_one=\u00a0\u00bboff\u00a0\u00bb button_one_border_width=\u00a0\u00bb0&Prime; button_one_letter_spacing=\u00a0\u00bb0&Prime; button_one_use_icon=\u00a0\u00bbdefault\u00a0\u00bb button_one_icon_placement=\u00a0\u00bbright\u00a0\u00bb button_one_on_hover=\u00a0\u00bbon\u00a0\u00bb button_one_letter_spacing_hover=\u00a0\u00bb0&Prime; custom_button_two=\u00a0\u00bboff\u00a0\u00bb button_two_border_width=\u00a0\u00bb0&Prime; button_two_letter_spacing=\u00a0\u00bb0&Prime; button_two_use_icon=\u00a0\u00bbdefault\u00a0\u00bb button_two_icon_placement=\u00a0\u00bbright\u00a0\u00bb button_two_on_hover=\u00a0\u00bbon\u00a0\u00bb button_two_letter_spacing_hover=\u00a0\u00bb0&Prime; custom_css_main_element=\u00a0\u00bbheight: 200px\u00a0\u00bb custom_css_title=\u00a0\u00bbmargin-top: 80px\u00a0\u00bb module_class=\u00a0\u00bbtext_shadow_here\u00a0\u00bb disabled=\u00a0\u00bboff\u00a0\u00bb disabled_on=\u00a0\u00bb|off|off\u00a0\u00bb button_one_border_radius=\u00a0\u00bb0&Prime; button_two_border_radius=\u00a0\u00bb0&Prime;]<\/p>\n<p>&nbsp;<\/p>\n<p>[\/et_pb_fullwidth_header][\/et_pb_section][et_pb_section admin_label=\u00a0\u00bbSection\u00a0\u00bb fullwidth=\u00a0\u00bboff\u00a0\u00bb specialty=\u00a0\u00bboff\u00a0\u00bb transparent_background=\u00a0\u00bboff\u00a0\u00bb background_color=\u00a0\u00bb#ffffff\u00a0\u00bb allow_player_pause=\u00a0\u00bboff\u00a0\u00bb inner_shadow=\u00a0\u00bboff\u00a0\u00bb parallax=\u00a0\u00bboff\u00a0\u00bb parallax_method=\u00a0\u00bboff\u00a0\u00bb custom_padding=\u00a0\u00bb||0px|\u00a0\u00bb padding_mobile=\u00a0\u00bbon\u00a0\u00bb make_fullwidth=\u00a0\u00bboff\u00a0\u00bb use_custom_width=\u00a0\u00bboff\u00a0\u00bb width_unit=\u00a0\u00bbon\u00a0\u00bb make_equal=\u00a0\u00bboff\u00a0\u00bb use_custom_gutter=\u00a0\u00bboff\u00a0\u00bb disabled=\u00a0\u00bboff\u00a0\u00bb disabled_on=\u00a0\u00bboff||\u00a0\u00bb][et_pb_row admin_label=\u00a0\u00bbRow\u00a0\u00bb make_fullwidth=\u00a0\u00bboff\u00a0\u00bb use_custom_width=\u00a0\u00bboff\u00a0\u00bb width_unit=\u00a0\u00bbon\u00a0\u00bb use_custom_gutter=\u00a0\u00bboff\u00a0\u00bb padding_mobile=\u00a0\u00bboff\u00a0\u00bb allow_player_pause=\u00a0\u00bboff\u00a0\u00bb parallax=\u00a0\u00bboff\u00a0\u00bb parallax_method=\u00a0\u00bboff\u00a0\u00bb make_equal=\u00a0\u00bboff\u00a0\u00bb parallax_1=\u00a0\u00bboff\u00a0\u00bb parallax_method_1=\u00a0\u00bboff\u00a0\u00bb parallax_2=\u00a0\u00bboff\u00a0\u00bb parallax_method_2=\u00a0\u00bboff\u00a0\u00bb column_padding_mobile=\u00a0\u00bbon\u00a0\u00bb disabled=\u00a0\u00bboff\u00a0\u00bb disabled_on=\u00a0\u00bbon||\u00a0\u00bb][et_pb_column type=\u00a0\u00bb4_4&Prime;][et_pb_text admin_label=\u00a0\u00bbDesktop: Intro Text\u00a0\u00bb background_layout=\u00a0\u00bblight\u00a0\u00bb text_orientation=\u00a0\u00bbleft\u00a0\u00bb use_border_color=\u00a0\u00bboff\u00a0\u00bb border_color=\u00a0\u00bb#ffffff\u00a0\u00bb border_style=\u00a0\u00bbsolid\u00a0\u00bb]<\/p>\n<h2>Le 24 septembre 2019<\/h2>\n<p>Le R\u00e9gime d\u2019assurance des enseignantes et des enseignants de l\u2019Ontario (RAEO) et la F\u00e9d\u00e9ration des enseignantes et des enseignants de l\u2019Ontario (FEO) ont honor\u00e9 trois membres exceptionnels du personnel enseignant de l\u2019Ontario en leur d\u00e9cernant les Prix d\u2019enseignement du RAEO qui soulignent l\u2019excellence.<\/p>\n<p><span style=\"color: #3b7995;\"><strong>Les personnes suivantes ont re\u00e7u un Prix d\u2019enseignement du RAEO .<br \/>\n<\/strong><\/span><\/p>\n<p>[\/et_pb_text][\/et_pb_column][\/et_pb_row][et_pb_row admin_label=\u00a0\u00bbRow\u00a0\u00bb make_fullwidth=\u00a0\u00bboff\u00a0\u00bb use_custom_width=\u00a0\u00bboff\u00a0\u00bb width_unit=\u00a0\u00bbon\u00a0\u00bb use_custom_gutter=\u00a0\u00bboff\u00a0\u00bb padding_mobile=\u00a0\u00bboff\u00a0\u00bb allow_player_pause=\u00a0\u00bboff\u00a0\u00bb parallax=\u00a0\u00bboff\u00a0\u00bb parallax_method=\u00a0\u00bboff\u00a0\u00bb make_equal=\u00a0\u00bboff\u00a0\u00bb parallax_1=\u00a0\u00bboff\u00a0\u00bb parallax_method_1=\u00a0\u00bboff\u00a0\u00bb parallax_2=\u00a0\u00bboff\u00a0\u00bb parallax_method_2=\u00a0\u00bboff\u00a0\u00bb column_padding_mobile=\u00a0\u00bbon\u00a0\u00bb disabled=\u00a0\u00bbon\u00a0\u00bb disabled_on=\u00a0\u00bbon|on|on\u00a0\u00bb][et_pb_column type=\u00a0\u00bb2_3&Prime;][et_pb_text admin_label=\u00a0\u00bbText\u00a0\u00bb background_layout=\u00a0\u00bblight\u00a0\u00bb text_orientation=\u00a0\u00bbleft\u00a0\u00bb use_border_color=\u00a0\u00bboff\u00a0\u00bb border_color=\u00a0\u00bb#ffffff\u00a0\u00bb border_style=\u00a0\u00bbsolid\u00a0\u00bb]<\/p>\n<h2>Le 28 septembre 2017<\/h2>\n<p>Le R\u00e9gime d\u2019assurance des enseignantes et des enseignants de l\u2019Ontario (RAEO) et la F\u00e9d\u00e9ration des enseignantes et des enseignants de l\u2019Ontario (FEO) ont honor\u00e9 trois membres exceptionnels du personnel enseignant de l\u2019Ontario en leur d\u00e9cernant les Prix d\u2019enseignement du RAEO qui soulignent l\u2019excellence.<\/p>\n<p><span style=\"color: #3b7995;\"><strong>Les personnes suivantes ont re\u00e7u un Prix d\u2019enseignement du RAEO :<\/strong><\/span><\/p>\n<p>[\/et_pb_text][\/et_pb_column][et_pb_column type=\u00a0\u00bb1_3&Prime;][et_pb_toggle admin_label=\u00a0\u00bbToggle\u00a0\u00bb global_module=\u00a0\u00bb1890&Prime; saved_tabs=\u00a0\u00bball\u00a0\u00bb title=\u00a0\u00bbPERSONNES HONOR\u00c9ES\u00a0\u00bb open=\u00a0\u00bbon\u00a0\u00bb open_toggle_text_color=\u00a0\u00bb#3b7995&Prime; closed_toggle_text_color=\u00a0\u00bb#3b7995&Prime; icon_color=\u00a0\u00bb#ffffff\u00a0\u00bb title_font=\u00a0\u00bbMontserrat||||\u00a0\u00bb title_font_size=\u00a0\u00bb15&Prime; title_letter_spacing=\u00a0\u00bb2px\u00a0\u00bb body_font=\u00a0\u00bbMontserrat||||\u00a0\u00bb body_font_size=\u00a0\u00bb16&Prime; use_border_color=\u00a0\u00bboff\u00a0\u00bb border_color=\u00a0\u00bb#ffffff\u00a0\u00bb border_style=\u00a0\u00bbsolid\u00a0\u00bb custom_css_toggle_title=\u00a0\u00bbfont-size: 17px!important\u00a0\u00bb]<\/p>\n<p><div class='one_third'>\n\t\t\t\t\t<a href=\"https:\/\/teachingawards.ca\/fr\/2017-personnes-honorees__trashed\/\">2016<\/a>\n\t\t\t\t<\/div><div class='one_third'>\n\t\t\t\t\t<a href=\"https:\/\/teachingawards.ca\/fr\/2015-personnes-honorees\/\">2015<\/a>\n\t\t\t\t<\/div><div class='one_third et_column_last'>\n\t\t\t\t\t<a href=\"https:\/\/teachingawards.ca\/fr\/2014-personnes-honorees\/\">2014<\/a>\n\t\t\t\t<\/div><div class='clear'><\/div><div class='one_third'>\n\t\t\t\t\t<a href=\"https:\/\/teachingawards.ca\/fr\/2013-personnes-honorees\/\">2013<\/a>\n\t\t\t\t<\/div><div class='one_third'>\n\t\t\t\t\t<a href=\"https:\/\/teachingawards.ca\/fr\/2012-personnes-honorees\/\">2012<\/a>\n\t\t\t\t<\/div><div class='one_third et_column_last'>\n\t\t\t\t\t<a href=\"https:\/\/teachingawards.ca\/fr\/2011-personnes-honorees\/\">2011<\/a>\n\t\t\t\t<\/div><div class='clear'><\/div><div class='one_third'>\n\t\t\t\t\t<a href=\"https:\/\/teachingawards.ca\/fr\/2010-personnes-honorees\/\">2010<\/a>\n\t\t\t\t<\/div><div class='one_third'>\n\t\t\t\t\t<a href=\"https:\/\/teachingawards.ca\/fr\/2009-personnes-honorees\/\">2009<\/a>\n\t\t\t\t<\/div><div class='one_third et_column_last'>\n\t\t\t\t\t<a href=\"https:\/\/teachingawards.ca\/fr\/2008-personnes-honorees\/\">2008<\/a>\n\t\t\t\t<\/div><div class='clear'><\/div><div class='one_third'>\n\t\t\t\t\t<a href=\"https:\/\/teachingawards.ca\/fr\/2007-personnes-honorees\/\">2007<\/a>\n\t\t\t\t<\/div><div class='one_third'>\n\t\t\t\t\t<a href=\"https:\/\/teachingawards.ca\/fr\/2006-personnes-honorees\/\">2006<\/a>\n\t\t\t\t<\/div><div class='one_third et_column_last'>\n\t\t\t\t\t<a href=\"https:\/\/teachingawards.ca\/fr\/2005-personnes-honorees\/\">2005<\/a>\n\t\t\t\t<\/div><div class='clear'><\/div><div class='one_third et_column_last'>\n\t\t\t\t\t<a href=\"https:\/\/teachingawards.ca\/fr\/2004-personnes-honorees\/\">2004<\/a>\n\t\t\t\t<\/div><div class='clear'><\/div><\/p>\n<p>[\/et_pb_toggle][\/et_pb_column][\/et_pb_row][et_pb_row admin_label=\u00a0\u00bbRow\u00a0\u00bb make_fullwidth=\u00a0\u00bboff\u00a0\u00bb use_custom_width=\u00a0\u00bboff\u00a0\u00bb width_unit=\u00a0\u00bbon\u00a0\u00bb use_custom_gutter=\u00a0\u00bboff\u00a0\u00bb padding_mobile=\u00a0\u00bbon\u00a0\u00bb disabled=\u00a0\u00bboff\u00a0\u00bb disabled_on=\u00a0\u00bb|on|on\u00a0\u00bb allow_player_pause=\u00a0\u00bboff\u00a0\u00bb parallax=\u00a0\u00bboff\u00a0\u00bb parallax_method=\u00a0\u00bboff\u00a0\u00bb make_equal=\u00a0\u00bboff\u00a0\u00bb parallax_1=\u00a0\u00bboff\u00a0\u00bb parallax_method_1=\u00a0\u00bboff\u00a0\u00bb column_padding_mobile=\u00a0\u00bbon\u00a0\u00bb custom_padding=\u00a0\u00bb0px|||\u00a0\u00bb][et_pb_column type=\u00a0\u00bb4_4&Prime;][et_pb_text admin_label=\u00a0\u00bbMobile: Intro Text\u00a0\u00bb background_layout=\u00a0\u00bblight\u00a0\u00bb text_orientation=\u00a0\u00bbleft\u00a0\u00bb use_border_color=\u00a0\u00bboff\u00a0\u00bb border_color=\u00a0\u00bb#ffffff\u00a0\u00bb border_style=\u00a0\u00bbsolid\u00a0\u00bb custom_padding=\u00a0\u00bb0px||0px|\u00a0\u00bb]<\/p>\n<h3>2017 Personnes honor\u00e9es<\/h3>\n<h6>Le 26 septembre 2017<\/h6>\n<p>Le R\u00e9gime d\u2019assurance des enseignantes et des enseignants de l\u2019Ontario (RAEO) et la F\u00e9d\u00e9ration des enseignantes et des enseignants de l\u2019Ontario (FEO) ont honor\u00e9 trois membres exceptionnels du personnel enseignant de l\u2019Ontario en leur d\u00e9cernant les Prix d\u2019enseignement du RAEO qui soulignent l\u2019excellence.<\/p>\n<p><span style=\"color: #3b7995;\"><strong>Les personnes suivantes ont re\u00e7u un Prix d\u2019enseignement du RAEO :<\/strong><\/span><\/p>\n<p>[\/et_pb_text][\/et_pb_column][\/et_pb_row][\/et_pb_section][et_pb_section admin_label=\u00a0\u00bbSection\u00a0\u00bb fullwidth=\u00a0\u00bboff\u00a0\u00bb specialty=\u00a0\u00bboff\u00a0\u00bb transparent_background=\u00a0\u00bboff\u00a0\u00bb background_color=\u00a0\u00bb#ffffff\u00a0\u00bb allow_player_pause=\u00a0\u00bboff\u00a0\u00bb inner_shadow=\u00a0\u00bboff\u00a0\u00bb parallax=\u00a0\u00bboff\u00a0\u00bb parallax_method=\u00a0\u00bboff\u00a0\u00bb custom_padding=\u00a0\u00bb||0px|\u00a0\u00bb padding_mobile=\u00a0\u00bbon\u00a0\u00bb make_fullwidth=\u00a0\u00bboff\u00a0\u00bb use_custom_width=\u00a0\u00bboff\u00a0\u00bb width_unit=\u00a0\u00bbon\u00a0\u00bb make_equal=\u00a0\u00bboff\u00a0\u00bb use_custom_gutter=\u00a0\u00bboff\u00a0\u00bb custom_padding_phone=\u00a0\u00bb0px||0px|\u00a0\u00bb custom_padding_last_edited=\u00a0\u00bbon|phone\u00a0\u00bb disabled=\u00a0\u00bbon\u00a0\u00bb disabled_on=\u00a0\u00bbon|on|on\u00a0\u00bb][et_pb_row admin_label=\u00a0\u00bbRow\u00a0\u00bb make_fullwidth=\u00a0\u00bboff\u00a0\u00bb use_custom_width=\u00a0\u00bboff\u00a0\u00bb width_unit=\u00a0\u00bbon\u00a0\u00bb use_custom_gutter=\u00a0\u00bboff\u00a0\u00bb custom_padding=\u00a0\u00bb0px||50px|\u00a0\u00bb padding_mobile=\u00a0\u00bboff\u00a0\u00bb allow_player_pause=\u00a0\u00bboff\u00a0\u00bb parallax=\u00a0\u00bboff\u00a0\u00bb parallax_method=\u00a0\u00bboff\u00a0\u00bb make_equal=\u00a0\u00bboff\u00a0\u00bb parallax_1=\u00a0\u00bboff\u00a0\u00bb parallax_method_1=\u00a0\u00bboff\u00a0\u00bb parallax_2=\u00a0\u00bboff\u00a0\u00bb parallax_method_2=\u00a0\u00bboff\u00a0\u00bb parallax_3=\u00a0\u00bboff\u00a0\u00bb parallax_method_3=\u00a0\u00bboff\u00a0\u00bb column_padding_mobile=\u00a0\u00bbon\u00a0\u00bb][et_pb_column type=\u00a0\u00bb1_3&Prime;][et_pb_text admin_label=\u00a0\u00bbBeginning Teacher Title\u00a0\u00bb background_layout=\u00a0\u00bblight\u00a0\u00bb text_orientation=\u00a0\u00bbleft\u00a0\u00bb use_border_color=\u00a0\u00bboff\u00a0\u00bb border_color=\u00a0\u00bb#ffffff\u00a0\u00bb border_style=\u00a0\u00bbsolid\u00a0\u00bb custom_padding=\u00a0\u00bb0px|||\u00a0\u00bb]<\/p>\n<p style=\"text-align: center;\"><em>Enseignante d\u00e9butante<\/em><\/p>\n<p>[\/et_pb_text][et_pb_image admin_label=\u00a0\u00bbBeginning Teacher Headshot\u00a0\u00bb src=\u00a0\u00bbhttp:\/\/teachingawards.ca\/wp-content\/uploads\/2017\/09\/head-shot-Colleen-002.jpg\u00a0\u00bb show_in_lightbox=\u00a0\u00bboff\u00a0\u00bb url_new_window=\u00a0\u00bboff\u00a0\u00bb use_overlay=\u00a0\u00bboff\u00a0\u00bb animation=\u00a0\u00bboff\u00a0\u00bb sticky=\u00a0\u00bboff\u00a0\u00bb align=\u00a0\u00bbcenter\u00a0\u00bb force_fullwidth=\u00a0\u00bboff\u00a0\u00bb always_center_on_mobile=\u00a0\u00bbon\u00a0\u00bb use_border_color=\u00a0\u00bboff\u00a0\u00bb border_color=\u00a0\u00bb#ffffff\u00a0\u00bb border_style=\u00a0\u00bbsolid\u00a0\u00bb]<\/p>\n<p>&nbsp;<\/p>\n<p>[\/et_pb_image][et_pb_text admin_label=\u00a0\u00bbBeginning Teacher Text\u00a0\u00bb background_layout=\u00a0\u00bblight\u00a0\u00bb text_orientation=\u00a0\u00bbleft\u00a0\u00bb use_border_color=\u00a0\u00bboff\u00a0\u00bb border_color=\u00a0\u00bb#ffffff\u00a0\u00bb border_style=\u00a0\u00bbsolid\u00a0\u00bb]<\/p>\n<h5 style=\"text-align: center;\"><span style=\"color: #3b7995;\"><a href=\"http:\/\/teachingawards.ca\/wp-content\/uploads\/2016\/09\/Gold-Star-40px.png\"><img loading=\"lazy\" decoding=\"async\" class=\"alignnone size-full wp-image-1099\" src=\"http:\/\/teachingawards.ca\/wp-content\/uploads\/2016\/09\/Gold-Star-40px.png\" alt=\"Gold-Star-40px\" width=\"40\" height=\"40\" \/><\/a><a>Colleen Shaw<\/a><\/span><\/h5>\n<p style=\"text-align: center;\">North Bendale Junior Public School<br \/>\nScarborough<\/p>\n<p>[\/et_pb_text][\/et_pb_column][et_pb_column type=\u00a0\u00bb1_3&Prime;][et_pb_text admin_label=\u00a0\u00bbSecondary Teacher Title\u00a0\u00bb background_layout=\u00a0\u00bblight\u00a0\u00bb text_orientation=\u00a0\u00bbleft\u00a0\u00bb use_border_color=\u00a0\u00bboff\u00a0\u00bb border_color=\u00a0\u00bb#ffffff\u00a0\u00bb border_style=\u00a0\u00bbsolid\u00a0\u00bb custom_padding=\u00a0\u00bb0px|||\u00a0\u00bb]<\/p>\n<p style=\"text-align: center;\"><em>Enseignante au secondaire<\/em><\/p>\n<p>[\/et_pb_text][et_pb_image admin_label=\u00a0\u00bbSecondary Teacher Headshot\u00a0\u00bb src=\u00a0\u00bbhttp:\/\/teachingawards.ca\/wp-content\/uploads\/2017\/09\/head-shot-victor.jpg\u00a0\u00bb show_in_lightbox=\u00a0\u00bboff\u00a0\u00bb url_new_window=\u00a0\u00bboff\u00a0\u00bb use_overlay=\u00a0\u00bboff\u00a0\u00bb animation=\u00a0\u00bboff\u00a0\u00bb sticky=\u00a0\u00bboff\u00a0\u00bb align=\u00a0\u00bbcenter\u00a0\u00bb force_fullwidth=\u00a0\u00bboff\u00a0\u00bb always_center_on_mobile=\u00a0\u00bbon\u00a0\u00bb use_border_color=\u00a0\u00bboff\u00a0\u00bb border_color=\u00a0\u00bb#ffffff\u00a0\u00bb border_style=\u00a0\u00bbsolid\u00a0\u00bb]<\/p>\n<p>&nbsp;<\/p>\n<p>[\/et_pb_image][et_pb_text admin_label=\u00a0\u00bbSecondary Teacher Text\u00a0\u00bb background_layout=\u00a0\u00bblight\u00a0\u00bb text_orientation=\u00a0\u00bbleft\u00a0\u00bb use_border_color=\u00a0\u00bboff\u00a0\u00bb border_color=\u00a0\u00bb#ffffff\u00a0\u00bb border_style=\u00a0\u00bbsolid\u00a0\u00bb]<\/p>\n<h5 style=\"text-align: center;\"><span style=\"color: #3b7995;\"><a href=\"http:\/\/teachingawards.ca\/wp-content\/uploads\/2017\/09\/Gold-Star-40px.png\"><img loading=\"lazy\" decoding=\"async\" class=\"alignnone size-full wp-image-1099\" src=\"http:\/\/teachingawards.ca\/wp-content\/uploads\/2016\/09\/Gold-Star-40px.png\" alt=\"Gold-Star-40px\" width=\"40\" height=\"40\" \/><\/a><a>Victor Barker<\/a><\/span><\/h5>\n<p style=\"text-align: center;\">Port Colborne Secondary School,<br \/>\nPort Colborne<\/p>\n<p>[\/et_pb_text][\/et_pb_column][et_pb_column type=\u00a0\u00bb1_3&Prime;][et_pb_text admin_label=\u00a0\u00bbElementary Teacher Title\u00a0\u00bb background_layout=\u00a0\u00bblight\u00a0\u00bb text_orientation=\u00a0\u00bbleft\u00a0\u00bb use_border_color=\u00a0\u00bboff\u00a0\u00bb border_color=\u00a0\u00bb#ffffff\u00a0\u00bb border_style=\u00a0\u00bbsolid\u00a0\u00bb custom_padding=\u00a0\u00bb0px|||\u00a0\u00bb]<\/p>\n<p style=\"text-align: center;\"><em>Enseignante \u00e0 l\u2019\u00e9l\u00e9mentaire<\/em><\/p>\n<p>[\/et_pb_text][et_pb_image admin_label=\u00a0\u00bbElementary Teacher Headshot\u00a0\u00bb src=\u00a0\u00bbhttp:\/\/teachingawards.ca\/wp-content\/uploads\/2017\/09\/head-shot-helen.jpg\u00a0\u00bb show_in_lightbox=\u00a0\u00bboff\u00a0\u00bb url_new_window=\u00a0\u00bboff\u00a0\u00bb use_overlay=\u00a0\u00bboff\u00a0\u00bb animation=\u00a0\u00bboff\u00a0\u00bb sticky=\u00a0\u00bboff\u00a0\u00bb align=\u00a0\u00bbcenter\u00a0\u00bb force_fullwidth=\u00a0\u00bboff\u00a0\u00bb always_center_on_mobile=\u00a0\u00bbon\u00a0\u00bb use_border_color=\u00a0\u00bboff\u00a0\u00bb border_color=\u00a0\u00bb#ffffff\u00a0\u00bb border_style=\u00a0\u00bbsolid\u00a0\u00bb]<\/p>\n<p>&nbsp;<\/p>\n<p>[\/et_pb_image][et_pb_text admin_label=\u00a0\u00bbElementary Teacher Text\u00a0\u00bb background_layout=\u00a0\u00bblight\u00a0\u00bb text_orientation=\u00a0\u00bbleft\u00a0\u00bb use_border_color=\u00a0\u00bboff\u00a0\u00bb border_color=\u00a0\u00bb#ffffff\u00a0\u00bb border_style=\u00a0\u00bbsolid\u00a0\u00bb]<\/p>\n<h5 style=\"text-align: center;\"><span style=\"color: #3b7995;\"><a href=\"http:\/\/teachingawards.ca\/wp-content\/uploads\/2016\/09\/Gold-Star-40px.png\"><img loading=\"lazy\" decoding=\"async\" class=\"alignnone size-full wp-image-1099\" src=\"http:\/\/teachingawards.ca\/wp-content\/uploads\/2016\/09\/Gold-Star-40px.png\" alt=\"Gold-Star-40px\" width=\"40\" height=\"40\" \/><\/a><a>Helen Wolfe<\/a><\/span><\/h5>\n<p style=\"text-align: center;\">Nelson Mandela Park Public School<br \/>\nToronto<\/p>\n<p>[\/et_pb_text][\/et_pb_column][\/et_pb_row][\/et_pb_section][et_pb_section admin_label=\u00a0\u00bbSection\u00a0\u00bb fullwidth=\u00a0\u00bboff\u00a0\u00bb specialty=\u00a0\u00bboff\u00a0\u00bb transparent_background=\u00a0\u00bboff\u00a0\u00bb background_color=\u00a0\u00bb#3b7995&Prime; allow_player_pause=\u00a0\u00bboff\u00a0\u00bb inner_shadow=\u00a0\u00bboff\u00a0\u00bb parallax=\u00a0\u00bboff\u00a0\u00bb parallax_method=\u00a0\u00bboff\u00a0\u00bb custom_padding=\u00a0\u00bb0px||0px|\u00a0\u00bb padding_mobile=\u00a0\u00bboff\u00a0\u00bb make_fullwidth=\u00a0\u00bboff\u00a0\u00bb use_custom_width=\u00a0\u00bboff\u00a0\u00bb width_unit=\u00a0\u00bbon\u00a0\u00bb make_equal=\u00a0\u00bboff\u00a0\u00bb use_custom_gutter=\u00a0\u00bboff\u00a0\u00bb disabled=\u00a0\u00bbon\u00a0\u00bb disabled_on=\u00a0\u00bbon|on|on\u00a0\u00bb][et_pb_row admin_label=\u00a0\u00bbRow\u00a0\u00bb make_fullwidth=\u00a0\u00bboff\u00a0\u00bb use_custom_width=\u00a0\u00bboff\u00a0\u00bb width_unit=\u00a0\u00bbon\u00a0\u00bb use_custom_gutter=\u00a0\u00bboff\u00a0\u00bb custom_padding=\u00a0\u00bb50px|||\u00a0\u00bb padding_mobile=\u00a0\u00bboff\u00a0\u00bb allow_player_pause=\u00a0\u00bboff\u00a0\u00bb parallax=\u00a0\u00bboff\u00a0\u00bb parallax_method=\u00a0\u00bboff\u00a0\u00bb make_equal=\u00a0\u00bboff\u00a0\u00bb parallax_1=\u00a0\u00bboff\u00a0\u00bb parallax_method_1=\u00a0\u00bboff\u00a0\u00bb column_padding_mobile=\u00a0\u00bbon\u00a0\u00bb][et_pb_column type=\u00a0\u00bb4_4&Prime;][et_pb_image admin_label=\u00a0\u00bbLarge Quote Mark Image\u00a0\u00bb src=\u00a0\u00bbhttp:\/\/teachingawards.ca\/wp-content\/uploads\/2017\/01\/DK-Blue-Open-Quote.png\u00a0\u00bb show_in_lightbox=\u00a0\u00bboff\u00a0\u00bb url_new_window=\u00a0\u00bboff\u00a0\u00bb use_overlay=\u00a0\u00bboff\u00a0\u00bb animation=\u00a0\u00bboff\u00a0\u00bb sticky=\u00a0\u00bboff\u00a0\u00bb align=\u00a0\u00bbleft\u00a0\u00bb force_fullwidth=\u00a0\u00bboff\u00a0\u00bb always_center_on_mobile=\u00a0\u00bbon\u00a0\u00bb use_border_color=\u00a0\u00bboff\u00a0\u00bb border_color=\u00a0\u00bb#ffffff\u00a0\u00bb border_style=\u00a0\u00bbsolid\u00a0\u00bb custom_css_main_element=\u00a0\u00bbmargin-top: 100px!important\u00a0\u00bb]<\/p>\n<p>&nbsp;<\/p>\n<p>[\/et_pb_image][\/et_pb_column][\/et_pb_row][et_pb_row admin_label=\u00a0\u00bbRow\u00a0\u00bb make_fullwidth=\u00a0\u00bboff\u00a0\u00bb use_custom_width=\u00a0\u00bboff\u00a0\u00bb width_unit=\u00a0\u00bbon\u00a0\u00bb use_custom_gutter=\u00a0\u00bboff\u00a0\u00bb padding_mobile=\u00a0\u00bboff\u00a0\u00bb allow_player_pause=\u00a0\u00bboff\u00a0\u00bb parallax=\u00a0\u00bboff\u00a0\u00bb parallax_method=\u00a0\u00bboff\u00a0\u00bb make_equal=\u00a0\u00bboff\u00a0\u00bb parallax_1=\u00a0\u00bboff\u00a0\u00bb parallax_method_1=\u00a0\u00bboff\u00a0\u00bb column_padding_mobile=\u00a0\u00bbon\u00a0\u00bb module_id=\u00a0\u00bbq13&Prime; custom_padding=\u00a0\u00bb||100px|\u00a0\u00bb][et_pb_column type=\u00a0\u00bb4_4&Prime;][et_pb_text admin_label=\u00a0\u00bbOTIP &amp; OTF Quotes\u00a0\u00bb background_layout=\u00a0\u00bblight\u00a0\u00bb text_orientation=\u00a0\u00bbleft\u00a0\u00bb use_border_color=\u00a0\u00bboff\u00a0\u00bb border_color=\u00a0\u00bb#ffffff\u00a0\u00bb border_style=\u00a0\u00bbsolid\u00a0\u00bb custom_css_main_element=\u00a0\u00bbmargin-top: -90px!important\u00a0\u00bb]<\/p>\n<h3><span style=\"color: #ffffff; line-height: 2.0;\">\u00ab Nous sommes honor\u00e9s de r\u00e9compenser ces trois leaders exceptionnels du milieu de l\u2019\u00e9ducation \u00bb, a d\u00e9clar\u00e9 M. Vic Medland, directeur g\u00e9n\u00e9ral du RAEO. Nous sommes inspir\u00e9s par leur preuve d\u2019innovation et leur d\u00e9vouement continus afin d\u2019assurer que chaque \u00e9l\u00e8ve atteigne leur meilleur potentiel. \u00bb<\/span><\/h3>\n<h3><span style=\"color: #ffffff; line-height: 2.0;\">\u00ab La FEO est fi\u00e8re de ces r\u00e9cipiendaires qui repr\u00e9sentent l\u2019excellence du personnel enseignant qui oeuvre dans nos \u00e9coles financ\u00e9es par les fonds publics, a affirm\u00e9 M. Chris Cowley, pr\u00e9sident de la FEO. Ces membres repr\u00e9sentent le personnel enseignant qui contribue \u00e0 offrir quotidiennement \u00e0 nos \u00e9l\u00e8ves une \u00e9ducation de qualit\u00e9. \u00bb<\/span><\/h3>\n<p>[\/et_pb_text][\/et_pb_column][\/et_pb_row][\/et_pb_section][et_pb_section admin_label=\u00a0\u00bbSection\u00a0\u00bb fullwidth=\u00a0\u00bboff\u00a0\u00bb specialty=\u00a0\u00bboff\u00a0\u00bb transparent_background=\u00a0\u00bboff\u00a0\u00bb background_color=\u00a0\u00bb#ffffff\u00a0\u00bb allow_player_pause=\u00a0\u00bboff\u00a0\u00bb inner_shadow=\u00a0\u00bboff\u00a0\u00bb parallax=\u00a0\u00bboff\u00a0\u00bb parallax_method=\u00a0\u00bboff\u00a0\u00bb padding_mobile=\u00a0\u00bboff\u00a0\u00bb make_fullwidth=\u00a0\u00bboff\u00a0\u00bb use_custom_width=\u00a0\u00bboff\u00a0\u00bb width_unit=\u00a0\u00bbon\u00a0\u00bb make_equal=\u00a0\u00bboff\u00a0\u00bb use_custom_gutter=\u00a0\u00bboff\u00a0\u00bb module_id=\u00a0\u00bbw1&Prime; custom_padding=\u00a0\u00bb||50px|\u00a0\u00bb][et_pb_row admin_label=\u00a0\u00bbRow\u00a0\u00bb make_fullwidth=\u00a0\u00bboff\u00a0\u00bb use_custom_width=\u00a0\u00bboff\u00a0\u00bb width_unit=\u00a0\u00bbon\u00a0\u00bb use_custom_gutter=\u00a0\u00bboff\u00a0\u00bb padding_mobile=\u00a0\u00bboff\u00a0\u00bb allow_player_pause=\u00a0\u00bboff\u00a0\u00bb parallax=\u00a0\u00bboff\u00a0\u00bb parallax_method=\u00a0\u00bboff\u00a0\u00bb make_equal=\u00a0\u00bboff\u00a0\u00bb parallax_1=\u00a0\u00bboff\u00a0\u00bb parallax_method_1=\u00a0\u00bboff\u00a0\u00bb column_padding_mobile=\u00a0\u00bbon\u00a0\u00bb][et_pb_column type=\u00a0\u00bb4_4&Prime;][et_pb_text admin_label=\u00a0\u00bbBeginning Teacher Name\u00a0\u00bb background_layout=\u00a0\u00bblight\u00a0\u00bb text_orientation=\u00a0\u00bbleft\u00a0\u00bb use_border_color=\u00a0\u00bboff\u00a0\u00bb border_color=\u00a0\u00bb#ffffff\u00a0\u00bb border_style=\u00a0\u00bbsolid\u00a0\u00bb]<\/p>\n<h2><strong>Emily Alexandra Seiling<\/strong><\/h2>\n<p>Enseignante \u00e0 la Kitchener-Waterloo\u00a0Collegiate &amp; Vocational School,<\/p>\n<p>[\/et_pb_text][et_pb_video admin_label=\u00a0\u00bbBeginning Teacher Video\u00a0\u00bb play_icon_color=\u00a0\u00bb#bb986b\u00a0\u00bb src=\u00a0\u00bbhttps:\/\/youtu.be\/HBU-G9lcx7w\u00a0\u00bb]<\/p>\n<p>&nbsp;<\/p>\n<p>[\/et_pb_video][et_pb_text admin_label=\u00a0\u00bbBeginning Teacher Text\u00a0\u00bb background_layout=\u00a0\u00bblight\u00a0\u00bb text_orientation=\u00a0\u00bbleft\u00a0\u00bb use_border_color=\u00a0\u00bboff\u00a0\u00bb border_color=\u00a0\u00bb#ffffff\u00a0\u00bb border_style=\u00a0\u00bbsolid\u00a0\u00bb]<\/p>\n<p>Emily\u00a0Alexandra\u00a0(Alex)\u00a0Seiling, enseignante \u00e0 la Kitchener-Waterloo\u00a0Collegiate &amp; Vocational School, a re\u00e7u le Prix d\u2019enseignement du RAEO dans la cat\u00e9gorie Personnel enseignant d\u00e9butant.<\/p>\n<p>Alex est en enseignante dans le programme d\u2019immersion en fran\u00e7ais en \u00e9tudes familiales, en \u00e9ducation civique, en histoire canadienne, en \u00e9tudes sur les carri\u00e8res au Canada. Son approche \u00e0 l\u2019\u00e9gard de l\u2019enseignement est l\u2019entra\u00eenement fond\u00e9 sur la r\u00e9flexion et la collaboration. Cet entra\u00eenement favorise l\u2019innovation et une \u00e9volution constante dans son approche \u00e0 l\u2019\u00e9gard de l\u2019apprentissage des \u00e9l\u00e8ves. La compassion d\u2019Alex et sa compr\u00e9hension des besoins de ses \u00e9l\u00e8ves se refl\u00e8tent dans son approche.<\/p>\n<p>Et ce sont ses \u00e9l\u00e8ves qui en sont les b\u00e9n\u00e9ficiaires. Alex \u00e9tablit des partenariats avec les groupes communautaires, les enseignants et les intervenants du milieu de l\u2019\u00e9ducation pour offrir \u00e0 ses \u00e9l\u00e8ves des exp\u00e9riences qui leur permettront de d\u00e9velopper leurs capacit\u00e9s de leadership, d\u2019accro\u00eetre leur conscience civique et de promouvoir une perspective globale.<\/p>\n<p>Comme il est mentionn\u00e9 dans sa mise en candidature, \u00ab\u00a0en tout temps, ses interactions avec les \u00e9l\u00e8ves sont caract\u00e9ris\u00e9es par la sensibilit\u00e9, la r\u00e9flexion et l\u2019action pour trouver des solutions et aider\u00a0\u00bb.<\/p>\n<p>[\/et_pb_text][\/et_pb_column][\/et_pb_row][\/et_pb_section][et_pb_section admin_label=\u00a0\u00bbSection\u00a0\u00bb fullwidth=\u00a0\u00bboff\u00a0\u00bb specialty=\u00a0\u00bboff\u00a0\u00bb transparent_background=\u00a0\u00bboff\u00a0\u00bb background_color=\u00a0\u00bbrgba(187,152,107,0.1)\u00a0\u00bb allow_player_pause=\u00a0\u00bboff\u00a0\u00bb inner_shadow=\u00a0\u00bboff\u00a0\u00bb parallax=\u00a0\u00bboff\u00a0\u00bb parallax_method=\u00a0\u00bboff\u00a0\u00bb custom_padding=\u00a0\u00bb30px||50px|\u00a0\u00bb padding_mobile=\u00a0\u00bboff\u00a0\u00bb make_fullwidth=\u00a0\u00bboff\u00a0\u00bb use_custom_width=\u00a0\u00bboff\u00a0\u00bb width_unit=\u00a0\u00bbon\u00a0\u00bb make_equal=\u00a0\u00bboff\u00a0\u00bb use_custom_gutter=\u00a0\u00bboff\u00a0\u00bb module_id=\u00a0\u00bbw2&Prime;][et_pb_row admin_label=\u00a0\u00bbRow\u00a0\u00bb make_fullwidth=\u00a0\u00bboff\u00a0\u00bb use_custom_width=\u00a0\u00bboff\u00a0\u00bb width_unit=\u00a0\u00bbon\u00a0\u00bb use_custom_gutter=\u00a0\u00bboff\u00a0\u00bb padding_mobile=\u00a0\u00bboff\u00a0\u00bb allow_player_pause=\u00a0\u00bboff\u00a0\u00bb parallax=\u00a0\u00bboff\u00a0\u00bb parallax_method=\u00a0\u00bboff\u00a0\u00bb make_equal=\u00a0\u00bboff\u00a0\u00bb parallax_1=\u00a0\u00bboff\u00a0\u00bb parallax_method_1=\u00a0\u00bboff\u00a0\u00bb column_padding_mobile=\u00a0\u00bbon\u00a0\u00bb][et_pb_column type=\u00a0\u00bb4_4&Prime;][et_pb_text admin_label=\u00a0\u00bbSecondary Teacher Name\u00a0\u00bb background_layout=\u00a0\u00bblight\u00a0\u00bb text_orientation=\u00a0\u00bbleft\u00a0\u00bb use_border_color=\u00a0\u00bboff\u00a0\u00bb border_color=\u00a0\u00bb#ffffff\u00a0\u00bb border_style=\u00a0\u00bbsolid\u00a0\u00bb]<\/p>\n<h2><strong>Natalie Morgan<\/strong><\/h2>\n<p>Enseignante \u00e0 l\u2019\u00e9cole secondaire Brooklin, Brooklin<\/p>\n<p>[\/et_pb_text][et_pb_video admin_label=\u00a0\u00bbSecondary Teacher Video\u00a0\u00bb play_icon_color=\u00a0\u00bb#bb986b\u00a0\u00bb src=\u00a0\u00bbhttps:\/\/youtu.be\/Zr8Z0A8SY38&Prime;]<\/p>\n<p>&nbsp;<\/p>\n<p>[\/et_pb_video][et_pb_text admin_label=\u00a0\u00bbSecondary Teacher Text\u00a0\u00bb background_layout=\u00a0\u00bblight\u00a0\u00bb text_orientation=\u00a0\u00bbleft\u00a0\u00bb use_border_color=\u00a0\u00bboff\u00a0\u00bb border_color=\u00a0\u00bb#ffffff\u00a0\u00bb border_style=\u00a0\u00bbsolid\u00a0\u00bb]<\/p>\n<p>Natalie\u00a0Morgan, enseignante \u00e0 l\u2019\u00e9cole secondaire Brooklin, a re\u00e7u le Prix d\u2019enseignement du RAEO pour son excellence dans la cat\u00e9gorie \u00ab\u00a0Enseignement au secondaire\u00a0\u00bb.<\/p>\n<p>Natalie est chef du d\u00e9partement de l\u2019orientation et conseill\u00e8re en perfectionnement par les pairs et en enseignement coop\u00e9ratif.<\/p>\n<p>En plus d\u2019aider les \u00e9l\u00e8ves avec leur emploi du temps et leur choix de carri\u00e8re, Natalie les pr\u00e9pare \u00e0 mener une vie productive. Elle aide les \u00e9l\u00e8ves \u00e0 faire des choix personnels et \u00e0 s\u2019acquitter des t\u00e2ches de la vie courante. Gr\u00e2ce aux programmes de leadership, aux groupes de soutien et aux services d\u2019aide aux \u00e9l\u00e8ves marginalis\u00e9s offerts par Natalie, les \u00e9l\u00e8ves r\u00e9alisent qu\u2019elle est une enseignante qui respecte ses \u00e9l\u00e8ves tels qu\u2019ils sont et sur laquelle ils peuvent compter pour les aider, peu importe la situation.<\/p>\n<p>Comme il est mentionn\u00e9 dans sa mise en candidature, \u00ab\u00a0ce qui la rend vraiment exceptionnelle, c\u2019est l\u2019attention et la compassion dont elle fait preuve envers les \u00e9l\u00e8ves et les parents dans le besoin\u00a0\u00bb.<\/p>\n<p>[\/et_pb_text][\/et_pb_column][\/et_pb_row][\/et_pb_section][et_pb_section admin_label=\u00a0\u00bbSection\u00a0\u00bb fullwidth=\u00a0\u00bboff\u00a0\u00bb specialty=\u00a0\u00bboff\u00a0\u00bb transparent_background=\u00a0\u00bboff\u00a0\u00bb background_color=\u00a0\u00bb#ffffff\u00a0\u00bb allow_player_pause=\u00a0\u00bboff\u00a0\u00bb inner_shadow=\u00a0\u00bboff\u00a0\u00bb parallax=\u00a0\u00bboff\u00a0\u00bb parallax_method=\u00a0\u00bboff\u00a0\u00bb custom_padding=\u00a0\u00bb30px|0px|0px|0px\u00a0\u00bb padding_mobile=\u00a0\u00bboff\u00a0\u00bb make_fullwidth=\u00a0\u00bboff\u00a0\u00bb use_custom_width=\u00a0\u00bboff\u00a0\u00bb width_unit=\u00a0\u00bbon\u00a0\u00bb make_equal=\u00a0\u00bboff\u00a0\u00bb use_custom_gutter=\u00a0\u00bboff\u00a0\u00bb module_id=\u00a0\u00bbw3&Prime;][et_pb_row admin_label=\u00a0\u00bbRow\u00a0\u00bb][et_pb_column type=\u00a0\u00bb4_4&Prime;][et_pb_text admin_label=\u00a0\u00bbElementary Teacher Name\u00a0\u00bb background_layout=\u00a0\u00bblight\u00a0\u00bb text_orientation=\u00a0\u00bbleft\u00a0\u00bb use_border_color=\u00a0\u00bboff\u00a0\u00bb border_color=\u00a0\u00bb#ffffff\u00a0\u00bb border_style=\u00a0\u00bbsolid\u00a0\u00bb]<\/p>\n<h2><strong>LeRoi Newbold<\/strong><\/h2>\n<p>Enseignant \u00e0 l\u2019\u00e9cole alternative afrocentriste de Toronto<\/p>\n<p>[\/et_pb_text][et_pb_video admin_label=\u00a0\u00bbElementary Teacher Video\u00a0\u00bb play_icon_color=\u00a0\u00bb#bb986b\u00a0\u00bb src=\u00a0\u00bbhttps:\/\/youtu.be\/K0QIMeRfp3M\u00a0\u00bb]<\/p>\n<p>&nbsp;<\/p>\n<p>[\/et_pb_video][et_pb_text admin_label=\u00a0\u00bbElementary Teacher Text\u00a0\u00bb background_layout=\u00a0\u00bblight\u00a0\u00bb text_orientation=\u00a0\u00bbleft\u00a0\u00bb use_border_color=\u00a0\u00bboff\u00a0\u00bb border_color=\u00a0\u00bb#ffffff\u00a0\u00bb border_style=\u00a0\u00bbsolid\u00a0\u00bb]<\/p>\n<p>LeRoi\u00a0Newbold, enseignant \u00e0 l\u2019\u00e9cole alternative afrocentriste de Toronto, a re\u00e7u le Prix d\u2019enseignement du RAEO dans la cat\u00e9gorie Enseignement \u00e0 l\u2019\u00e9l\u00e9mentaire.<\/p>\n<p>Bien qu\u2019il enseigne l\u2019\u00e9ducation sp\u00e9cialis\u00e9e et le fran\u00e7ais langue seconde, les contributions de LeRoi \u00e0 l\u2019\u00e9ducation vont bien au-del\u00e0 de ce cadre. En effet, l\u2019importance qu\u2019il accorde \u00e0 la justice sociale en salle de classe inspire ses \u00e9l\u00e8ves et les am\u00e8ne \u00e0 se rendre compte qu\u2019ils peuvent faire une diff\u00e9rence. Parmi ses nombreuses r\u00e9alisations, LeRoi a mis sur pied le programme d\u2019affirmation de la culture africaine et noire, mis des ressources \u00e0 la disposition des \u00e9l\u00e8ves pour utiliser la justice transformatrice en salle de classe et a cr\u00e9\u00e9 des partenariats avec d\u2019autres \u00e9coles pour partager des ressources et offrir une formation aux enseignants sur le racisme dirig\u00e9 contre les Noirs. En outre, LeRoi a fond\u00e9 le programme communautaire Toronto Freedom School pour enseigner aux enfants la fiert\u00e9 et l\u2019histoire de la r\u00e9sistance des Noirs.<\/p>\n<p>Comme il est mentionn\u00e9 dans sa mise en candidature, \u00ab\u00a0les contributions de LeRoi au d\u00e9veloppement de programmes et \u00e0 la p\u00e9dagogie centr\u00e9e sur les Noirs se d\u00e9marquent dans le domaine de l\u2019\u00e9ducation au Canada\u00a0\u00bb.<\/p>\n<p>[\/et_pb_text][\/et_pb_column][\/et_pb_row][\/et_pb_section][et_pb_section admin_label=\u00a0\u00bbSection\u00a0\u00bb fullwidth=\u00a0\u00bboff\u00a0\u00bb specialty=\u00a0\u00bboff\u00a0\u00bb transparent_background=\u00a0\u00bboff\u00a0\u00bb background_color=\u00a0\u00bb#ffffff\u00a0\u00bb allow_player_pause=\u00a0\u00bboff\u00a0\u00bb inner_shadow=\u00a0\u00bboff\u00a0\u00bb parallax=\u00a0\u00bboff\u00a0\u00bb parallax_method=\u00a0\u00bboff\u00a0\u00bb custom_padding=\u00a0\u00bb||0px|\u00a0\u00bb padding_mobile=\u00a0\u00bbon\u00a0\u00bb make_fullwidth=\u00a0\u00bboff\u00a0\u00bb use_custom_width=\u00a0\u00bboff\u00a0\u00bb width_unit=\u00a0\u00bbon\u00a0\u00bb make_equal=\u00a0\u00bboff\u00a0\u00bb use_custom_gutter=\u00a0\u00bboff\u00a0\u00bb custom_padding_phone=\u00a0\u00bb0px||0px|\u00a0\u00bb custom_padding_last_edited=\u00a0\u00bbon|phone\u00a0\u00bb disabled=\u00a0\u00bboff\u00a0\u00bb disabled_on=\u00a0\u00bbon|off|off\u00a0\u00bb][et_pb_row admin_label=\u00a0\u00bbRow\u00a0\u00bb make_fullwidth=\u00a0\u00bboff\u00a0\u00bb use_custom_width=\u00a0\u00bboff\u00a0\u00bb width_unit=\u00a0\u00bbon\u00a0\u00bb use_custom_gutter=\u00a0\u00bbon\u00a0\u00bb gutter_width=\u00a0\u00bb0&Prime; padding_mobile=\u00a0\u00bboff\u00a0\u00bb allow_player_pause=\u00a0\u00bboff\u00a0\u00bb parallax=\u00a0\u00bboff\u00a0\u00bb parallax_method=\u00a0\u00bboff\u00a0\u00bb make_equal=\u00a0\u00bboff\u00a0\u00bb parallax_1=\u00a0\u00bboff\u00a0\u00bb parallax_method_1=\u00a0\u00bboff\u00a0\u00bb column_padding_mobile=\u00a0\u00bbon\u00a0\u00bb parallax_2=\u00a0\u00bboff\u00a0\u00bb parallax_method_2=\u00a0\u00bboff\u00a0\u00bb][et_pb_column type=\u00a0\u00bb1_2&Prime;][et_pb_image admin_label=\u00a0\u00bbFooter logos\u00a0\u00bb src=\u00a0\u00bbhttp:\/\/teachingawards.ca\/wp-content\/uploads\/2017\/01\/OTIP-Logo-100.jpg\u00a0\u00bb show_in_lightbox=\u00a0\u00bboff\u00a0\u00bb url_new_window=\u00a0\u00bboff\u00a0\u00bb use_overlay=\u00a0\u00bboff\u00a0\u00bb animation=\u00a0\u00bboff\u00a0\u00bb sticky=\u00a0\u00bboff\u00a0\u00bb align=\u00a0\u00bbleft\u00a0\u00bb force_fullwidth=\u00a0\u00bboff\u00a0\u00bb always_center_on_mobile=\u00a0\u00bboff\u00a0\u00bb use_border_color=\u00a0\u00bboff\u00a0\u00bb border_color=\u00a0\u00bb#ffffff\u00a0\u00bb border_style=\u00a0\u00bbsolid\u00a0\u00bb custom_css_main_element=\u00a0\u00bbvertical-align: bottom\u00a0\u00bb]<\/p>\n<p>&nbsp;<\/p>\n<p>[\/et_pb_image][\/et_pb_column][et_pb_column type=\u00a0\u00bb1_2&Prime;][et_pb_text admin_label=\u00a0\u00bbFooter Copyright Text\u00a0\u00bb background_layout=\u00a0\u00bblight\u00a0\u00bb text_orientation=\u00a0\u00bbright\u00a0\u00bb use_border_color=\u00a0\u00bboff\u00a0\u00bb border_color=\u00a0\u00bb#ffffff\u00a0\u00bb border_style=\u00a0\u00bbsolid\u00a0\u00bb custom_margin=\u00a0\u00bb80px|||\u00a0\u00bb]<\/p>\n<p style=\"text-align: right; font-size: 14px;\">\u00a92017 TeachingAwards.ca<\/p>\n<p>[\/et_pb_text][\/et_pb_column][\/et_pb_row][\/et_pb_section]<\/p>\n","protected":false},"excerpt":{"rendered":"<p>&nbsp; &nbsp; Le 24 septembre 2019 Le R\u00e9gime d\u2019assurance des enseignantes et des enseignants de l\u2019Ontario (RAEO) et la F\u00e9d\u00e9ration des enseignantes et des enseignants de l\u2019Ontario (FEO) ont honor\u00e9 trois membres exceptionnels du personnel enseignant de l\u2019Ontario en leur d\u00e9cernant les Prix d\u2019enseignement du RAEO qui soulignent l\u2019excellence. Les personnes suivantes ont re\u00e7u un [&hellip;]<\/p>\n","protected":false},"author":7,"featured_media":0,"parent":0,"menu_order":0,"comment_status":"closed","ping_status":"closed","template":"","meta":{"_et_pb_use_builder":"on","_et_pb_old_content":"","_et_gb_content_width":"","footnotes":""},"_links":{"self":[{"href":"https:\/\/teachingawards.ca\/fr\/wp-json\/wp\/v2\/pages\/3013"}],"collection":[{"href":"https:\/\/teachingawards.ca\/fr\/wp-json\/wp\/v2\/pages"}],"about":[{"href":"https:\/\/teachingawards.ca\/fr\/wp-json\/wp\/v2\/types\/page"}],"author":[{"embeddable":true,"href":"https:\/\/teachingawards.ca\/fr\/wp-json\/wp\/v2\/users\/7"}],"replies":[{"embeddable":true,"href":"https:\/\/teachingawards.ca\/fr\/wp-json\/wp\/v2\/comments?post=3013"}],"version-history":[{"count":12,"href":"https:\/\/teachingawards.ca\/fr\/wp-json\/wp\/v2\/pages\/3013\/revisions"}],"predecessor-version":[{"id":3027,"href":"https:\/\/teachingawards.ca\/fr\/wp-json\/wp\/v2\/pages\/3013\/revisions\/3027"}],"wp:attachment":[{"href":"https:\/\/teachingawards.ca\/fr\/wp-json\/wp\/v2\/media?parent=3013"}],"curies":[{"name":"wp","href":"https:\/\/api.w.org\/{rel}","templated":true}]}}