{"id":3163,"date":"2020-10-20T11:41:18","date_gmt":"2020-10-20T16:41:18","guid":{"rendered":"http:\/\/teachingawards.ca\/?page_id=3163"},"modified":"2020-10-20T12:10:22","modified_gmt":"2020-10-20T17:10:22","slug":"2020-personnes-honorees","status":"publish","type":"page","link":"https:\/\/teachingawards.ca\/fr\/2020-personnes-honorees\/","title":{"rendered":"2020 Personnes honor\u00e9es"},"content":{"rendered":"<p>[et_pb_section admin_label=\u00a0\u00bbSection\u00a0\u00bb fullwidth=\u00a0\u00bbon\u00a0\u00bb specialty=\u00a0\u00bboff\u00a0\u00bb transparent_background=\u00a0\u00bboff\u00a0\u00bb background_color=\u00a0\u00bb#ffffff\u00a0\u00bb allow_player_pause=\u00a0\u00bboff\u00a0\u00bb inner_shadow=\u00a0\u00bboff\u00a0\u00bb parallax=\u00a0\u00bboff\u00a0\u00bb parallax_method=\u00a0\u00bboff\u00a0\u00bb padding_mobile=\u00a0\u00bboff\u00a0\u00bb make_fullwidth=\u00a0\u00bboff\u00a0\u00bb use_custom_width=\u00a0\u00bboff\u00a0\u00bb width_unit=\u00a0\u00bbon\u00a0\u00bb make_equal=\u00a0\u00bboff\u00a0\u00bb use_custom_gutter=\u00a0\u00bboff\u00a0\u00bb disabled=\u00a0\u00bboff\u00a0\u00bb disabled_on=\u00a0\u00bbon||\u00a0\u00bb][et_pb_fullwidth_header admin_label=\u00a0\u00bbDesktop: Fullwidth Header\u00a0\u00bb title=\u00a0\u00bb2020 Personnes honor\u00e9es\u00a0\u00bb background_layout=\u00a0\u00bbdark\u00a0\u00bb text_orientation=\u00a0\u00bbleft\u00a0\u00bb header_fullscreen=\u00a0\u00bboff\u00a0\u00bb header_scroll_down=\u00a0\u00bboff\u00a0\u00bb background_url=\u00a0\u00bbhttp:\/\/teachingawards.ca\/wp-content\/uploads\/2017\/01\/Winning-teachers-banner.jpg\u00a0\u00bb parallax=\u00a0\u00bboff\u00a0\u00bb parallax_method=\u00a0\u00bboff\u00a0\u00bb content_orientation=\u00a0\u00bbcenter\u00a0\u00bb image_orientation=\u00a0\u00bbcenter\u00a0\u00bb custom_button_one=\u00a0\u00bboff\u00a0\u00bb button_one_border_width=\u00a0\u00bb0&Prime; button_one_letter_spacing=\u00a0\u00bb0&Prime; button_one_use_icon=\u00a0\u00bbdefault\u00a0\u00bb button_one_icon_placement=\u00a0\u00bbright\u00a0\u00bb button_one_on_hover=\u00a0\u00bbon\u00a0\u00bb button_one_letter_spacing_hover=\u00a0\u00bb0&Prime; custom_button_two=\u00a0\u00bboff\u00a0\u00bb button_two_border_width=\u00a0\u00bb0&Prime; button_two_letter_spacing=\u00a0\u00bb0&Prime; button_two_use_icon=\u00a0\u00bbdefault\u00a0\u00bb button_two_icon_placement=\u00a0\u00bbright\u00a0\u00bb button_two_on_hover=\u00a0\u00bbon\u00a0\u00bb button_two_letter_spacing_hover=\u00a0\u00bb0&Prime; custom_css_main_element=\u00a0\u00bbheight: 200px\u00a0\u00bb custom_css_title=\u00a0\u00bbmargin-top: 80px\u00a0\u00bb module_class=\u00a0\u00bbtext_shadow_here\u00a0\u00bb button_one_border_radius=\u00a0\u00bb0&Prime; button_two_border_radius=\u00a0\u00bb0&Prime;]<\/p>\n<p>&nbsp;<\/p>\n<p>[\/et_pb_fullwidth_header][\/et_pb_section][et_pb_section admin_label=\u00a0\u00bbSection\u00a0\u00bb fullwidth=\u00a0\u00bbon\u00a0\u00bb specialty=\u00a0\u00bboff\u00a0\u00bb transparent_background=\u00a0\u00bboff\u00a0\u00bb background_color=\u00a0\u00bb#ffffff\u00a0\u00bb allow_player_pause=\u00a0\u00bboff\u00a0\u00bb inner_shadow=\u00a0\u00bboff\u00a0\u00bb parallax=\u00a0\u00bboff\u00a0\u00bb parallax_method=\u00a0\u00bboff\u00a0\u00bb custom_padding=\u00a0\u00bb||0px|\u00a0\u00bb padding_mobile=\u00a0\u00bbon\u00a0\u00bb make_fullwidth=\u00a0\u00bboff\u00a0\u00bb use_custom_width=\u00a0\u00bboff\u00a0\u00bb width_unit=\u00a0\u00bbon\u00a0\u00bb make_equal=\u00a0\u00bboff\u00a0\u00bb use_custom_gutter=\u00a0\u00bboff\u00a0\u00bb disabled=\u00a0\u00bboff\u00a0\u00bb disabled_on=\u00a0\u00bb|on|on\u00a0\u00bb][et_pb_fullwidth_header admin_label=\u00a0\u00bbMobile: Fullwidth Header\u00a0\u00bb background_layout=\u00a0\u00bbdark\u00a0\u00bb text_orientation=\u00a0\u00bbleft\u00a0\u00bb header_fullscreen=\u00a0\u00bboff\u00a0\u00bb header_scroll_down=\u00a0\u00bboff\u00a0\u00bb background_url=\u00a0\u00bbhttp:\/\/teachingawards.ca\/wp-content\/uploads\/2017\/01\/Doutone-All.jpg\u00a0\u00bb parallax=\u00a0\u00bboff\u00a0\u00bb parallax_method=\u00a0\u00bboff\u00a0\u00bb content_orientation=\u00a0\u00bbcenter\u00a0\u00bb image_orientation=\u00a0\u00bbcenter\u00a0\u00bb custom_button_one=\u00a0\u00bboff\u00a0\u00bb button_one_border_width=\u00a0\u00bb0&Prime; button_one_letter_spacing=\u00a0\u00bb0&Prime; button_one_use_icon=\u00a0\u00bbdefault\u00a0\u00bb button_one_icon_placement=\u00a0\u00bbright\u00a0\u00bb button_one_on_hover=\u00a0\u00bbon\u00a0\u00bb button_one_letter_spacing_hover=\u00a0\u00bb0&Prime; custom_button_two=\u00a0\u00bboff\u00a0\u00bb button_two_border_width=\u00a0\u00bb0&Prime; button_two_letter_spacing=\u00a0\u00bb0&Prime; button_two_use_icon=\u00a0\u00bbdefault\u00a0\u00bb button_two_icon_placement=\u00a0\u00bbright\u00a0\u00bb button_two_on_hover=\u00a0\u00bbon\u00a0\u00bb button_two_letter_spacing_hover=\u00a0\u00bb0&Prime; custom_css_main_element=\u00a0\u00bbheight: 200px\u00a0\u00bb custom_css_title=\u00a0\u00bbmargin-top: 80px\u00a0\u00bb module_class=\u00a0\u00bbtext_shadow_here\u00a0\u00bb disabled=\u00a0\u00bboff\u00a0\u00bb disabled_on=\u00a0\u00bb|off|off\u00a0\u00bb button_one_border_radius=\u00a0\u00bb0&Prime; button_two_border_radius=\u00a0\u00bb0&Prime;]<\/p>\n<p>&nbsp;<\/p>\n<p>[\/et_pb_fullwidth_header][\/et_pb_section][et_pb_section admin_label=\u00a0\u00bbSection\u00a0\u00bb fullwidth=\u00a0\u00bboff\u00a0\u00bb specialty=\u00a0\u00bboff\u00a0\u00bb transparent_background=\u00a0\u00bboff\u00a0\u00bb background_color=\u00a0\u00bb#ffffff\u00a0\u00bb allow_player_pause=\u00a0\u00bboff\u00a0\u00bb inner_shadow=\u00a0\u00bboff\u00a0\u00bb parallax=\u00a0\u00bboff\u00a0\u00bb parallax_method=\u00a0\u00bboff\u00a0\u00bb custom_padding=\u00a0\u00bb||0px|\u00a0\u00bb padding_mobile=\u00a0\u00bbon\u00a0\u00bb make_fullwidth=\u00a0\u00bboff\u00a0\u00bb use_custom_width=\u00a0\u00bboff\u00a0\u00bb width_unit=\u00a0\u00bbon\u00a0\u00bb make_equal=\u00a0\u00bboff\u00a0\u00bb use_custom_gutter=\u00a0\u00bboff\u00a0\u00bb disabled=\u00a0\u00bboff\u00a0\u00bb disabled_on=\u00a0\u00bboff||\u00a0\u00bb][et_pb_row admin_label=\u00a0\u00bbRow\u00a0\u00bb make_fullwidth=\u00a0\u00bboff\u00a0\u00bb use_custom_width=\u00a0\u00bboff\u00a0\u00bb width_unit=\u00a0\u00bbon\u00a0\u00bb use_custom_gutter=\u00a0\u00bboff\u00a0\u00bb padding_mobile=\u00a0\u00bboff\u00a0\u00bb allow_player_pause=\u00a0\u00bboff\u00a0\u00bb parallax=\u00a0\u00bboff\u00a0\u00bb parallax_method=\u00a0\u00bboff\u00a0\u00bb make_equal=\u00a0\u00bboff\u00a0\u00bb parallax_1=\u00a0\u00bboff\u00a0\u00bb parallax_method_1=\u00a0\u00bboff\u00a0\u00bb parallax_2=\u00a0\u00bboff\u00a0\u00bb parallax_method_2=\u00a0\u00bboff\u00a0\u00bb column_padding_mobile=\u00a0\u00bbon\u00a0\u00bb disabled=\u00a0\u00bboff\u00a0\u00bb disabled_on=\u00a0\u00bbon||\u00a0\u00bb][et_pb_column type=\u00a0\u00bb4_4&Prime;][et_pb_text admin_label=\u00a0\u00bbDesktop: Intro Text\u00a0\u00bb background_layout=\u00a0\u00bblight\u00a0\u00bb text_orientation=\u00a0\u00bbleft\u00a0\u00bb use_border_color=\u00a0\u00bboff\u00a0\u00bb border_color=\u00a0\u00bb#ffffff\u00a0\u00bb border_style=\u00a0\u00bbsolid\u00a0\u00bb]<\/p>\n<h2><!...Le 22 septembre 2020...!><\/h2>\n<p>Le R\u00e9gime d\u2019assurance des enseignantes et des enseignants de l\u2019Ontario (RAEO) et la F\u00e9d\u00e9ration des enseignantes et des enseignants de l\u2019Ontario (FEO) ont honor\u00e9 trois membres exceptionnels du personnel enseignant de l\u2019Ontario en leur d\u00e9cernant les Prix d\u2019enseignement du RAEO qui soulignent l\u2019excellence.<\/p>\n<p><span style=\"color: #3b7995;\"><strong>En raison de la pand\u00e9mie, les laur\u00e9ates et les laur\u00e9ats n&rsquo;ont pas re\u00e7u leurs prix. Le RREO et la FEO esp\u00e8rent leur rendre hommage au printemps.<br \/>\n<\/strong><\/span><\/p>\n<p>[\/et_pb_text][\/et_pb_column][\/et_pb_row][et_pb_row admin_label=\u00a0\u00bbRow\u00a0\u00bb make_fullwidth=\u00a0\u00bboff\u00a0\u00bb use_custom_width=\u00a0\u00bboff\u00a0\u00bb width_unit=\u00a0\u00bbon\u00a0\u00bb use_custom_gutter=\u00a0\u00bboff\u00a0\u00bb padding_mobile=\u00a0\u00bboff\u00a0\u00bb allow_player_pause=\u00a0\u00bboff\u00a0\u00bb parallax=\u00a0\u00bboff\u00a0\u00bb parallax_method=\u00a0\u00bboff\u00a0\u00bb make_equal=\u00a0\u00bboff\u00a0\u00bb parallax_1=\u00a0\u00bboff\u00a0\u00bb parallax_method_1=\u00a0\u00bboff\u00a0\u00bb parallax_2=\u00a0\u00bboff\u00a0\u00bb parallax_method_2=\u00a0\u00bboff\u00a0\u00bb column_padding_mobile=\u00a0\u00bbon\u00a0\u00bb disabled=\u00a0\u00bbon\u00a0\u00bb disabled_on=\u00a0\u00bbon|on|on\u00a0\u00bb][et_pb_column type=\u00a0\u00bb2_3&Prime;][et_pb_text admin_label=\u00a0\u00bbText\u00a0\u00bb background_layout=\u00a0\u00bblight\u00a0\u00bb text_orientation=\u00a0\u00bbleft\u00a0\u00bb use_border_color=\u00a0\u00bboff\u00a0\u00bb border_color=\u00a0\u00bb#ffffff\u00a0\u00bb border_style=\u00a0\u00bbsolid\u00a0\u00bb]<\/p>\n<h2>Le 28 septembre 2017<\/h2>\n<p>Le R\u00e9gime d\u2019assurance des enseignantes et des enseignants de l\u2019Ontario (RAEO) et la F\u00e9d\u00e9ration des enseignantes et des enseignants de l\u2019Ontario (FEO) ont honor\u00e9 trois membres exceptionnels du personnel enseignant de l\u2019Ontario en leur d\u00e9cernant les Prix d\u2019enseignement du RAEO qui soulignent l\u2019excellence.<\/p>\n<p><span style=\"color: #3b7995;\"><strong>Les personnes suivantes ont re\u00e7u un Prix d\u2019enseignement du RAEO :<\/strong><\/span><\/p>\n<p>[\/et_pb_text][\/et_pb_column][et_pb_column type=\u00a0\u00bb1_3&Prime;][et_pb_toggle admin_label=\u00a0\u00bbToggle\u00a0\u00bb global_module=\u00a0\u00bb1890&Prime; saved_tabs=\u00a0\u00bball\u00a0\u00bb title=\u00a0\u00bbPERSONNES HONOR\u00c9ES\u00a0\u00bb open=\u00a0\u00bbon\u00a0\u00bb open_toggle_text_color=\u00a0\u00bb#3b7995&Prime; closed_toggle_text_color=\u00a0\u00bb#3b7995&Prime; icon_color=\u00a0\u00bb#ffffff\u00a0\u00bb title_font=\u00a0\u00bbMontserrat||||\u00a0\u00bb title_font_size=\u00a0\u00bb15&Prime; title_letter_spacing=\u00a0\u00bb2px\u00a0\u00bb body_font=\u00a0\u00bbMontserrat||||\u00a0\u00bb body_font_size=\u00a0\u00bb16&Prime; use_border_color=\u00a0\u00bboff\u00a0\u00bb border_color=\u00a0\u00bb#ffffff\u00a0\u00bb border_style=\u00a0\u00bbsolid\u00a0\u00bb custom_css_toggle_title=\u00a0\u00bbfont-size: 17px!important\u00a0\u00bb]<\/p>\n<p><div class='one_third'>\n\t\t\t\t\t<a href=\"https:\/\/teachingawards.ca\/fr\/2017-personnes-honorees__trashed\/\">2016<\/a>\n\t\t\t\t<\/div><div class='one_third'>\n\t\t\t\t\t<a href=\"https:\/\/teachingawards.ca\/fr\/2015-personnes-honorees\/\">2015<\/a>\n\t\t\t\t<\/div><div class='one_third et_column_last'>\n\t\t\t\t\t<a href=\"https:\/\/teachingawards.ca\/fr\/2014-personnes-honorees\/\">2014<\/a>\n\t\t\t\t<\/div><div class='clear'><\/div><div class='one_third'>\n\t\t\t\t\t<a href=\"https:\/\/teachingawards.ca\/fr\/2013-personnes-honorees\/\">2013<\/a>\n\t\t\t\t<\/div><div class='one_third'>\n\t\t\t\t\t<a href=\"https:\/\/teachingawards.ca\/fr\/2012-personnes-honorees\/\">2012<\/a>\n\t\t\t\t<\/div><div class='one_third et_column_last'>\n\t\t\t\t\t<a href=\"https:\/\/teachingawards.ca\/fr\/2011-personnes-honorees\/\">2011<\/a>\n\t\t\t\t<\/div><div class='clear'><\/div><div class='one_third'>\n\t\t\t\t\t<a href=\"https:\/\/teachingawards.ca\/fr\/2010-personnes-honorees\/\">2010<\/a>\n\t\t\t\t<\/div><div class='one_third'>\n\t\t\t\t\t<a href=\"https:\/\/teachingawards.ca\/fr\/2009-personnes-honorees\/\">2009<\/a>\n\t\t\t\t<\/div><div class='one_third et_column_last'>\n\t\t\t\t\t<a href=\"https:\/\/teachingawards.ca\/fr\/2008-personnes-honorees\/\">2008<\/a>\n\t\t\t\t<\/div><div class='clear'><\/div><div class='one_third'>\n\t\t\t\t\t<a href=\"https:\/\/teachingawards.ca\/fr\/2007-personnes-honorees\/\">2007<\/a>\n\t\t\t\t<\/div><div class='one_third'>\n\t\t\t\t\t<a href=\"https:\/\/teachingawards.ca\/fr\/2006-personnes-honorees\/\">2006<\/a>\n\t\t\t\t<\/div><div class='one_third et_column_last'>\n\t\t\t\t\t<a href=\"https:\/\/teachingawards.ca\/fr\/2005-personnes-honorees\/\">2005<\/a>\n\t\t\t\t<\/div><div class='clear'><\/div><div class='one_third et_column_last'>\n\t\t\t\t\t<a href=\"https:\/\/teachingawards.ca\/fr\/2004-personnes-honorees\/\">2004<\/a>\n\t\t\t\t<\/div><div class='clear'><\/div><\/p>\n<p>[\/et_pb_toggle][\/et_pb_column][\/et_pb_row][et_pb_row admin_label=\u00a0\u00bbRow\u00a0\u00bb make_fullwidth=\u00a0\u00bboff\u00a0\u00bb use_custom_width=\u00a0\u00bboff\u00a0\u00bb width_unit=\u00a0\u00bbon\u00a0\u00bb use_custom_gutter=\u00a0\u00bboff\u00a0\u00bb padding_mobile=\u00a0\u00bbon\u00a0\u00bb disabled=\u00a0\u00bboff\u00a0\u00bb disabled_on=\u00a0\u00bb|on|on\u00a0\u00bb allow_player_pause=\u00a0\u00bboff\u00a0\u00bb parallax=\u00a0\u00bboff\u00a0\u00bb parallax_method=\u00a0\u00bboff\u00a0\u00bb make_equal=\u00a0\u00bboff\u00a0\u00bb parallax_1=\u00a0\u00bboff\u00a0\u00bb parallax_method_1=\u00a0\u00bboff\u00a0\u00bb column_padding_mobile=\u00a0\u00bbon\u00a0\u00bb custom_padding=\u00a0\u00bb0px|||\u00a0\u00bb][et_pb_column type=\u00a0\u00bb4_4&Prime;][et_pb_text admin_label=\u00a0\u00bbMobile: Intro Text\u00a0\u00bb background_layout=\u00a0\u00bblight\u00a0\u00bb text_orientation=\u00a0\u00bbleft\u00a0\u00bb use_border_color=\u00a0\u00bboff\u00a0\u00bb border_color=\u00a0\u00bb#ffffff\u00a0\u00bb border_style=\u00a0\u00bbsolid\u00a0\u00bb custom_padding=\u00a0\u00bb0px||0px|\u00a0\u00bb]<\/p>\n<h3>2017 Personnes honor\u00e9es<\/h3>\n<h6>Le 26 septembre 2017<\/h6>\n<p>Le R\u00e9gime d\u2019assurance des enseignantes et des enseignants de l\u2019Ontario (RAEO) et la F\u00e9d\u00e9ration des enseignantes et des enseignants de l\u2019Ontario (FEO) ont honor\u00e9 trois membres exceptionnels du personnel enseignant de l\u2019Ontario en leur d\u00e9cernant les Prix d\u2019enseignement du RAEO qui soulignent l\u2019excellence.<\/p>\n<p><span style=\"color: #3b7995;\"><strong>Les personnes suivantes ont re\u00e7u un Prix d\u2019enseignement du RAEO :<\/strong><\/span><\/p>\n<p>[\/et_pb_text][\/et_pb_column][\/et_pb_row][\/et_pb_section][et_pb_section admin_label=\u00a0\u00bbSection\u00a0\u00bb fullwidth=\u00a0\u00bboff\u00a0\u00bb specialty=\u00a0\u00bboff\u00a0\u00bb transparent_background=\u00a0\u00bboff\u00a0\u00bb background_color=\u00a0\u00bb#ffffff\u00a0\u00bb allow_player_pause=\u00a0\u00bboff\u00a0\u00bb inner_shadow=\u00a0\u00bboff\u00a0\u00bb parallax=\u00a0\u00bboff\u00a0\u00bb parallax_method=\u00a0\u00bboff\u00a0\u00bb custom_padding=\u00a0\u00bb||0px|\u00a0\u00bb padding_mobile=\u00a0\u00bbon\u00a0\u00bb make_fullwidth=\u00a0\u00bboff\u00a0\u00bb use_custom_width=\u00a0\u00bboff\u00a0\u00bb width_unit=\u00a0\u00bbon\u00a0\u00bb make_equal=\u00a0\u00bboff\u00a0\u00bb use_custom_gutter=\u00a0\u00bboff\u00a0\u00bb custom_padding_phone=\u00a0\u00bb0px||0px|\u00a0\u00bb custom_padding_last_edited=\u00a0\u00bbon|phone\u00a0\u00bb disabled=\u00a0\u00bbon\u00a0\u00bb disabled_on=\u00a0\u00bbon|on|on\u00a0\u00bb][et_pb_row admin_label=\u00a0\u00bbRow\u00a0\u00bb make_fullwidth=\u00a0\u00bboff\u00a0\u00bb use_custom_width=\u00a0\u00bboff\u00a0\u00bb width_unit=\u00a0\u00bbon\u00a0\u00bb use_custom_gutter=\u00a0\u00bboff\u00a0\u00bb custom_padding=\u00a0\u00bb0px||50px|\u00a0\u00bb padding_mobile=\u00a0\u00bboff\u00a0\u00bb allow_player_pause=\u00a0\u00bboff\u00a0\u00bb parallax=\u00a0\u00bboff\u00a0\u00bb parallax_method=\u00a0\u00bboff\u00a0\u00bb make_equal=\u00a0\u00bboff\u00a0\u00bb parallax_1=\u00a0\u00bboff\u00a0\u00bb parallax_method_1=\u00a0\u00bboff\u00a0\u00bb parallax_2=\u00a0\u00bboff\u00a0\u00bb parallax_method_2=\u00a0\u00bboff\u00a0\u00bb parallax_3=\u00a0\u00bboff\u00a0\u00bb parallax_method_3=\u00a0\u00bboff\u00a0\u00bb column_padding_mobile=\u00a0\u00bbon\u00a0\u00bb][et_pb_column type=\u00a0\u00bb1_3&Prime;][et_pb_text admin_label=\u00a0\u00bbBeginning Teacher Title\u00a0\u00bb background_layout=\u00a0\u00bblight\u00a0\u00bb text_orientation=\u00a0\u00bbleft\u00a0\u00bb use_border_color=\u00a0\u00bboff\u00a0\u00bb border_color=\u00a0\u00bb#ffffff\u00a0\u00bb border_style=\u00a0\u00bbsolid\u00a0\u00bb custom_padding=\u00a0\u00bb0px|||\u00a0\u00bb]<\/p>\n<p style=\"text-align: center;\"><em>Enseignante d\u00e9butante<\/em><\/p>\n<p>[\/et_pb_text][et_pb_image admin_label=\u00a0\u00bbBeginning Teacher Headshot\u00a0\u00bb src=\u00a0\u00bbhttp:\/\/teachingawards.ca\/wp-content\/uploads\/2017\/09\/head-shot-Colleen-002.jpg\u00a0\u00bb show_in_lightbox=\u00a0\u00bboff\u00a0\u00bb url_new_window=\u00a0\u00bboff\u00a0\u00bb use_overlay=\u00a0\u00bboff\u00a0\u00bb animation=\u00a0\u00bboff\u00a0\u00bb sticky=\u00a0\u00bboff\u00a0\u00bb align=\u00a0\u00bbcenter\u00a0\u00bb force_fullwidth=\u00a0\u00bboff\u00a0\u00bb always_center_on_mobile=\u00a0\u00bbon\u00a0\u00bb use_border_color=\u00a0\u00bboff\u00a0\u00bb border_color=\u00a0\u00bb#ffffff\u00a0\u00bb border_style=\u00a0\u00bbsolid\u00a0\u00bb]<\/p>\n<p>&nbsp;<\/p>\n<p>[\/et_pb_image][et_pb_text admin_label=\u00a0\u00bbBeginning Teacher Text\u00a0\u00bb background_layout=\u00a0\u00bblight\u00a0\u00bb text_orientation=\u00a0\u00bbleft\u00a0\u00bb use_border_color=\u00a0\u00bboff\u00a0\u00bb border_color=\u00a0\u00bb#ffffff\u00a0\u00bb border_style=\u00a0\u00bbsolid\u00a0\u00bb]<\/p>\n<h5 style=\"text-align: center;\"><span style=\"color: #3b7995;\"><a href=\"http:\/\/teachingawards.ca\/wp-content\/uploads\/2016\/09\/Gold-Star-40px.png\"><img loading=\"lazy\" decoding=\"async\" class=\"alignnone size-full wp-image-1099\" src=\"http:\/\/teachingawards.ca\/wp-content\/uploads\/2016\/09\/Gold-Star-40px.png\" alt=\"Gold-Star-40px\" width=\"40\" height=\"40\" \/><\/a><a>Colleen Shaw<\/a><\/span><\/h5>\n<p style=\"text-align: center;\">North Bendale Junior Public School<br \/>\nScarborough<\/p>\n<p>[\/et_pb_text][\/et_pb_column][et_pb_column type=\u00a0\u00bb1_3&Prime;][et_pb_text admin_label=\u00a0\u00bbSecondary Teacher Title\u00a0\u00bb background_layout=\u00a0\u00bblight\u00a0\u00bb text_orientation=\u00a0\u00bbleft\u00a0\u00bb use_border_color=\u00a0\u00bboff\u00a0\u00bb border_color=\u00a0\u00bb#ffffff\u00a0\u00bb border_style=\u00a0\u00bbsolid\u00a0\u00bb custom_padding=\u00a0\u00bb0px|||\u00a0\u00bb]<\/p>\n<p style=\"text-align: center;\"><em>Enseignante au secondaire<\/em><\/p>\n<p>[\/et_pb_text][et_pb_image admin_label=\u00a0\u00bbSecondary Teacher Headshot\u00a0\u00bb src=\u00a0\u00bbhttp:\/\/teachingawards.ca\/wp-content\/uploads\/2017\/09\/head-shot-victor.jpg\u00a0\u00bb show_in_lightbox=\u00a0\u00bboff\u00a0\u00bb url_new_window=\u00a0\u00bboff\u00a0\u00bb use_overlay=\u00a0\u00bboff\u00a0\u00bb animation=\u00a0\u00bboff\u00a0\u00bb sticky=\u00a0\u00bboff\u00a0\u00bb align=\u00a0\u00bbcenter\u00a0\u00bb force_fullwidth=\u00a0\u00bboff\u00a0\u00bb always_center_on_mobile=\u00a0\u00bbon\u00a0\u00bb use_border_color=\u00a0\u00bboff\u00a0\u00bb border_color=\u00a0\u00bb#ffffff\u00a0\u00bb border_style=\u00a0\u00bbsolid\u00a0\u00bb]<\/p>\n<p>&nbsp;<\/p>\n<p>[\/et_pb_image][et_pb_text admin_label=\u00a0\u00bbSecondary Teacher Text\u00a0\u00bb background_layout=\u00a0\u00bblight\u00a0\u00bb text_orientation=\u00a0\u00bbleft\u00a0\u00bb use_border_color=\u00a0\u00bboff\u00a0\u00bb border_color=\u00a0\u00bb#ffffff\u00a0\u00bb border_style=\u00a0\u00bbsolid\u00a0\u00bb]<\/p>\n<h5 style=\"text-align: center;\"><span style=\"color: #3b7995;\"><a href=\"http:\/\/teachingawards.ca\/wp-content\/uploads\/2017\/09\/Gold-Star-40px.png\"><img loading=\"lazy\" decoding=\"async\" class=\"alignnone size-full wp-image-1099\" src=\"http:\/\/teachingawards.ca\/wp-content\/uploads\/2016\/09\/Gold-Star-40px.png\" alt=\"Gold-Star-40px\" width=\"40\" height=\"40\" \/><\/a><a>Victor Barker<\/a><\/span><\/h5>\n<p style=\"text-align: center;\">Port Colborne Secondary School,<br \/>\nPort Colborne<\/p>\n<p>[\/et_pb_text][\/et_pb_column][et_pb_column type=\u00a0\u00bb1_3&Prime;][et_pb_text admin_label=\u00a0\u00bbElementary Teacher Title\u00a0\u00bb background_layout=\u00a0\u00bblight\u00a0\u00bb text_orientation=\u00a0\u00bbleft\u00a0\u00bb use_border_color=\u00a0\u00bboff\u00a0\u00bb border_color=\u00a0\u00bb#ffffff\u00a0\u00bb border_style=\u00a0\u00bbsolid\u00a0\u00bb custom_padding=\u00a0\u00bb0px|||\u00a0\u00bb]<\/p>\n<p style=\"text-align: center;\"><em>Enseignante \u00e0 l\u2019\u00e9l\u00e9mentaire<\/em><\/p>\n<p>[\/et_pb_text][et_pb_image admin_label=\u00a0\u00bbElementary Teacher Headshot\u00a0\u00bb src=\u00a0\u00bbhttp:\/\/teachingawards.ca\/wp-content\/uploads\/2017\/09\/head-shot-helen.jpg\u00a0\u00bb show_in_lightbox=\u00a0\u00bboff\u00a0\u00bb url_new_window=\u00a0\u00bboff\u00a0\u00bb use_overlay=\u00a0\u00bboff\u00a0\u00bb animation=\u00a0\u00bboff\u00a0\u00bb sticky=\u00a0\u00bboff\u00a0\u00bb align=\u00a0\u00bbcenter\u00a0\u00bb force_fullwidth=\u00a0\u00bboff\u00a0\u00bb always_center_on_mobile=\u00a0\u00bbon\u00a0\u00bb use_border_color=\u00a0\u00bboff\u00a0\u00bb border_color=\u00a0\u00bb#ffffff\u00a0\u00bb border_style=\u00a0\u00bbsolid\u00a0\u00bb]<\/p>\n<p>&nbsp;<\/p>\n<p>[\/et_pb_image][et_pb_text admin_label=\u00a0\u00bbElementary Teacher Text\u00a0\u00bb background_layout=\u00a0\u00bblight\u00a0\u00bb text_orientation=\u00a0\u00bbleft\u00a0\u00bb use_border_color=\u00a0\u00bboff\u00a0\u00bb border_color=\u00a0\u00bb#ffffff\u00a0\u00bb border_style=\u00a0\u00bbsolid\u00a0\u00bb]<\/p>\n<h5 style=\"text-align: center;\"><span style=\"color: #3b7995;\"><a href=\"http:\/\/teachingawards.ca\/wp-content\/uploads\/2016\/09\/Gold-Star-40px.png\"><img loading=\"lazy\" decoding=\"async\" class=\"alignnone size-full wp-image-1099\" src=\"http:\/\/teachingawards.ca\/wp-content\/uploads\/2016\/09\/Gold-Star-40px.png\" alt=\"Gold-Star-40px\" width=\"40\" height=\"40\" \/><\/a><a>Helen Wolfe<\/a><\/span><\/h5>\n<p style=\"text-align: center;\">Nelson Mandela Park Public School<br \/>\nToronto<\/p>\n<p>[\/et_pb_text][\/et_pb_column][\/et_pb_row][\/et_pb_section][et_pb_section admin_label=\u00a0\u00bbSection\u00a0\u00bb fullwidth=\u00a0\u00bboff\u00a0\u00bb specialty=\u00a0\u00bboff\u00a0\u00bb transparent_background=\u00a0\u00bboff\u00a0\u00bb background_color=\u00a0\u00bb#3b7995&Prime; allow_player_pause=\u00a0\u00bboff\u00a0\u00bb inner_shadow=\u00a0\u00bboff\u00a0\u00bb parallax=\u00a0\u00bboff\u00a0\u00bb parallax_method=\u00a0\u00bboff\u00a0\u00bb custom_padding=\u00a0\u00bb0px||0px|\u00a0\u00bb padding_mobile=\u00a0\u00bboff\u00a0\u00bb make_fullwidth=\u00a0\u00bboff\u00a0\u00bb use_custom_width=\u00a0\u00bboff\u00a0\u00bb width_unit=\u00a0\u00bbon\u00a0\u00bb make_equal=\u00a0\u00bboff\u00a0\u00bb use_custom_gutter=\u00a0\u00bboff\u00a0\u00bb disabled=\u00a0\u00bbon\u00a0\u00bb disabled_on=\u00a0\u00bbon|on|on\u00a0\u00bb][et_pb_row admin_label=\u00a0\u00bbRow\u00a0\u00bb make_fullwidth=\u00a0\u00bboff\u00a0\u00bb use_custom_width=\u00a0\u00bboff\u00a0\u00bb width_unit=\u00a0\u00bbon\u00a0\u00bb use_custom_gutter=\u00a0\u00bboff\u00a0\u00bb custom_padding=\u00a0\u00bb50px|||\u00a0\u00bb padding_mobile=\u00a0\u00bboff\u00a0\u00bb allow_player_pause=\u00a0\u00bboff\u00a0\u00bb parallax=\u00a0\u00bboff\u00a0\u00bb parallax_method=\u00a0\u00bboff\u00a0\u00bb make_equal=\u00a0\u00bboff\u00a0\u00bb parallax_1=\u00a0\u00bboff\u00a0\u00bb parallax_method_1=\u00a0\u00bboff\u00a0\u00bb column_padding_mobile=\u00a0\u00bbon\u00a0\u00bb][et_pb_column type=\u00a0\u00bb4_4&Prime;][et_pb_image admin_label=\u00a0\u00bbLarge Quote Mark Image\u00a0\u00bb src=\u00a0\u00bbhttp:\/\/teachingawards.ca\/wp-content\/uploads\/2017\/01\/DK-Blue-Open-Quote.png\u00a0\u00bb show_in_lightbox=\u00a0\u00bboff\u00a0\u00bb url_new_window=\u00a0\u00bboff\u00a0\u00bb use_overlay=\u00a0\u00bboff\u00a0\u00bb animation=\u00a0\u00bboff\u00a0\u00bb sticky=\u00a0\u00bboff\u00a0\u00bb align=\u00a0\u00bbleft\u00a0\u00bb force_fullwidth=\u00a0\u00bboff\u00a0\u00bb always_center_on_mobile=\u00a0\u00bbon\u00a0\u00bb use_border_color=\u00a0\u00bboff\u00a0\u00bb border_color=\u00a0\u00bb#ffffff\u00a0\u00bb border_style=\u00a0\u00bbsolid\u00a0\u00bb custom_css_main_element=\u00a0\u00bbmargin-top: 100px!important\u00a0\u00bb]<\/p>\n<p>&nbsp;<\/p>\n<p>[\/et_pb_image][\/et_pb_column][\/et_pb_row][et_pb_row admin_label=\u00a0\u00bbRow\u00a0\u00bb make_fullwidth=\u00a0\u00bboff\u00a0\u00bb use_custom_width=\u00a0\u00bboff\u00a0\u00bb width_unit=\u00a0\u00bbon\u00a0\u00bb use_custom_gutter=\u00a0\u00bboff\u00a0\u00bb padding_mobile=\u00a0\u00bboff\u00a0\u00bb allow_player_pause=\u00a0\u00bboff\u00a0\u00bb parallax=\u00a0\u00bboff\u00a0\u00bb parallax_method=\u00a0\u00bboff\u00a0\u00bb make_equal=\u00a0\u00bboff\u00a0\u00bb parallax_1=\u00a0\u00bboff\u00a0\u00bb parallax_method_1=\u00a0\u00bboff\u00a0\u00bb column_padding_mobile=\u00a0\u00bbon\u00a0\u00bb module_id=\u00a0\u00bbq13&Prime; custom_padding=\u00a0\u00bb||100px|\u00a0\u00bb][et_pb_column type=\u00a0\u00bb4_4&Prime;][et_pb_text admin_label=\u00a0\u00bbOTIP &amp; OTF Quotes\u00a0\u00bb background_layout=\u00a0\u00bblight\u00a0\u00bb text_orientation=\u00a0\u00bbleft\u00a0\u00bb use_border_color=\u00a0\u00bboff\u00a0\u00bb border_color=\u00a0\u00bb#ffffff\u00a0\u00bb border_style=\u00a0\u00bbsolid\u00a0\u00bb custom_css_main_element=\u00a0\u00bbmargin-top: -90px!important\u00a0\u00bb]<\/p>\n<h3><span style=\"color: #ffffff; line-height: 2.0;\">\u00ab Nous sommes honor\u00e9s de r\u00e9compenser ces trois leaders exceptionnels du milieu de l\u2019\u00e9ducation \u00bb, a d\u00e9clar\u00e9 M. Vic Medland, directeur g\u00e9n\u00e9ral du RAEO. Nous sommes inspir\u00e9s par leur preuve d\u2019innovation et leur d\u00e9vouement continus afin d\u2019assurer que chaque \u00e9l\u00e8ve atteigne leur meilleur potentiel. \u00bb<\/span><\/h3>\n<h3><span style=\"color: #ffffff; line-height: 2.0;\">\u00ab La FEO est fi\u00e8re de ces r\u00e9cipiendaires qui repr\u00e9sentent l\u2019excellence du personnel enseignant qui oeuvre dans nos \u00e9coles financ\u00e9es par les fonds publics, a affirm\u00e9 M. Chris Cowley, pr\u00e9sident de la FEO. Ces membres repr\u00e9sentent le personnel enseignant qui contribue \u00e0 offrir quotidiennement \u00e0 nos \u00e9l\u00e8ves une \u00e9ducation de qualit\u00e9. \u00bb<\/span><\/h3>\n<p>[\/et_pb_text][\/et_pb_column][\/et_pb_row][\/et_pb_section][et_pb_section admin_label=\u00a0\u00bbSection\u00a0\u00bb fullwidth=\u00a0\u00bboff\u00a0\u00bb specialty=\u00a0\u00bboff\u00a0\u00bb transparent_background=\u00a0\u00bboff\u00a0\u00bb background_color=\u00a0\u00bb#ffffff\u00a0\u00bb allow_player_pause=\u00a0\u00bboff\u00a0\u00bb inner_shadow=\u00a0\u00bboff\u00a0\u00bb parallax=\u00a0\u00bboff\u00a0\u00bb parallax_method=\u00a0\u00bboff\u00a0\u00bb padding_mobile=\u00a0\u00bboff\u00a0\u00bb make_fullwidth=\u00a0\u00bboff\u00a0\u00bb use_custom_width=\u00a0\u00bboff\u00a0\u00bb width_unit=\u00a0\u00bbon\u00a0\u00bb make_equal=\u00a0\u00bboff\u00a0\u00bb use_custom_gutter=\u00a0\u00bboff\u00a0\u00bb module_id=\u00a0\u00bbw1&Prime; custom_padding=\u00a0\u00bb||50px|\u00a0\u00bb][et_pb_row admin_label=\u00a0\u00bbRow\u00a0\u00bb make_fullwidth=\u00a0\u00bboff\u00a0\u00bb use_custom_width=\u00a0\u00bboff\u00a0\u00bb width_unit=\u00a0\u00bbon\u00a0\u00bb use_custom_gutter=\u00a0\u00bboff\u00a0\u00bb padding_mobile=\u00a0\u00bboff\u00a0\u00bb allow_player_pause=\u00a0\u00bboff\u00a0\u00bb parallax=\u00a0\u00bboff\u00a0\u00bb parallax_method=\u00a0\u00bboff\u00a0\u00bb make_equal=\u00a0\u00bboff\u00a0\u00bb parallax_1=\u00a0\u00bboff\u00a0\u00bb parallax_method_1=\u00a0\u00bboff\u00a0\u00bb column_padding_mobile=\u00a0\u00bbon\u00a0\u00bb][et_pb_column type=\u00a0\u00bb4_4&Prime;][et_pb_text admin_label=\u00a0\u00bbBeginning Teacher Name\u00a0\u00bb background_layout=\u00a0\u00bblight\u00a0\u00bb text_orientation=\u00a0\u00bbleft\u00a0\u00bb use_border_color=\u00a0\u00bboff\u00a0\u00bb border_color=\u00a0\u00bb#ffffff\u00a0\u00bb border_style=\u00a0\u00bbsolid\u00a0\u00bb]<\/p>\n<h2><strong>Deanna Gaughan<\/strong><\/h2>\n<p>James Grieve Public School, Caledon<\/p>\n<p>[\/et_pb_text][et_pb_video admin_label=\u00a0\u00bbBeginning Teacher Video\u00a0\u00bb play_icon_color=\u00a0\u00bb#bb986b\u00a0\u00bb src=\u00a0\u00bbhttps:\/\/youtu.be\/vnpy88Ht0tY\u00a0\u00bb]<\/p>\n<p>&nbsp;<\/p>\n<p>[\/et_pb_video][et_pb_text admin_label=\u00a0\u00bbBeginning Teacher Text\u00a0\u00bb background_layout=\u00a0\u00bblight\u00a0\u00bb text_orientation=\u00a0\u00bbleft\u00a0\u00bb use_border_color=\u00a0\u00bboff\u00a0\u00bb border_color=\u00a0\u00bb#ffffff\u00a0\u00bb border_style=\u00a0\u00bbsolid\u00a0\u00bb]<\/p>\n<p>Deanna est laur\u00e9ate du Prix d\u2019enseignement du RAEI dans la cat\u00e9gorie Personnel enseignant d\u00e9butant. Elle enseigne \u00e0 une classe distincte d\u2019\u00e9l\u00e8ves de la 6<sup>e<\/sup> \u00e0 la 8<sup>e<\/sup>\u00a0ann\u00e9e atteints d\u2019un TSA, qui comprend un curriculum et des programmes pour toute la classe.<\/p>\n<p>Deanna a lanc\u00e9 le programme RISE Room (Reaching Independence while Striving for Excellence [atteindre l\u2019ind\u00e9pendance tout en visant l\u2019excellence]), couronn\u00e9 de succ\u00e8s. L\u2019environnement d\u2019apprentissage interactif qu\u2019elle a cr\u00e9\u00e9 stimule la curiosit\u00e9 et l\u2019int\u00e9r\u00eat de ses \u00e9l\u00e8ves, qui se sentent en s\u00e9curit\u00e9 pour s\u2019interroger, explorer et participer \u00e0 des exp\u00e9riences d\u2019apprentissage pratique.<\/p>\n<p>Outre le recours \u00e0 la technologie, un programme de pr\u00e9paration \u00e0 la vie quotidienne et un programme d\u2019hygi\u00e8ne personnelle, les \u00e9l\u00e8ves participent \u00e0 des \u00e9v\u00e9nements pour toute l\u2019\u00e9cole, \u00e0 un programme de jumelage avec d\u2019autres classes, et \u00e0 un spectacle annuel en lumi\u00e8re noire pour l\u2019\u00e9cole. Deanna encourage la participation communautaire\u00a0\u2013 sa classe a \u00e9crit des lettres au conseil municipal demandant l\u2019am\u00e9nagement d\u2019un trottoir devant l\u2019\u00e9cole.<\/p>\n<p>Les \u00e9l\u00e8ves apprennent \u00e0 mieux comprendre la diversit\u00e9 de leur communaut\u00e9 au moyen de l\u2019\u00e9tude de l\u2019art dans diff\u00e9rentes cultures et la c\u00e9l\u00e9bration de f\u00eates culturelles, comme Diwali et Holi, le festival des couleurs.<\/p>\n<p>\u00ab\u00a0Il y a beaucoup de bons p\u00e9dagogues, mais il est rare de rencontrer une personne qui a manifestement consacr\u00e9 toute sa vie \u00e0 l\u2019\u00e9ducation et au bien-\u00eatre des \u00e9l\u00e8ves, affirme le parent qui a propos\u00e9 la candidature de Deanna\u00a0Gaughan.\u00a0\u00bb<\/p>\n<p>[\/et_pb_text][\/et_pb_column][\/et_pb_row][\/et_pb_section][et_pb_section admin_label=\u00a0\u00bbSection\u00a0\u00bb fullwidth=\u00a0\u00bboff\u00a0\u00bb specialty=\u00a0\u00bboff\u00a0\u00bb transparent_background=\u00a0\u00bboff\u00a0\u00bb background_color=\u00a0\u00bbrgba(187,152,107,0.1)\u00a0\u00bb allow_player_pause=\u00a0\u00bboff\u00a0\u00bb inner_shadow=\u00a0\u00bboff\u00a0\u00bb parallax=\u00a0\u00bboff\u00a0\u00bb parallax_method=\u00a0\u00bboff\u00a0\u00bb custom_padding=\u00a0\u00bb30px||50px|\u00a0\u00bb padding_mobile=\u00a0\u00bboff\u00a0\u00bb make_fullwidth=\u00a0\u00bboff\u00a0\u00bb use_custom_width=\u00a0\u00bboff\u00a0\u00bb width_unit=\u00a0\u00bbon\u00a0\u00bb make_equal=\u00a0\u00bboff\u00a0\u00bb use_custom_gutter=\u00a0\u00bboff\u00a0\u00bb module_id=\u00a0\u00bbw2&Prime;][et_pb_row admin_label=\u00a0\u00bbRow\u00a0\u00bb make_fullwidth=\u00a0\u00bboff\u00a0\u00bb use_custom_width=\u00a0\u00bboff\u00a0\u00bb width_unit=\u00a0\u00bbon\u00a0\u00bb use_custom_gutter=\u00a0\u00bboff\u00a0\u00bb padding_mobile=\u00a0\u00bboff\u00a0\u00bb allow_player_pause=\u00a0\u00bboff\u00a0\u00bb parallax=\u00a0\u00bboff\u00a0\u00bb parallax_method=\u00a0\u00bboff\u00a0\u00bb make_equal=\u00a0\u00bboff\u00a0\u00bb parallax_1=\u00a0\u00bboff\u00a0\u00bb parallax_method_1=\u00a0\u00bboff\u00a0\u00bb column_padding_mobile=\u00a0\u00bbon\u00a0\u00bb][et_pb_column type=\u00a0\u00bb4_4&Prime;][et_pb_text admin_label=\u00a0\u00bbSecondary Teacher Name\u00a0\u00bb background_layout=\u00a0\u00bblight\u00a0\u00bb text_orientation=\u00a0\u00bbleft\u00a0\u00bb use_border_color=\u00a0\u00bboff\u00a0\u00bb border_color=\u00a0\u00bb#ffffff\u00a0\u00bb border_style=\u00a0\u00bbsolid\u00a0\u00bb]<\/p>\n<h2><strong>Cameron Douglas<\/strong><\/h2>\n<p>Peterborough Alternative Continuing Education (PACE) au Peterborough Collegiate &amp; Vocational Institute<br \/>\nPACE @ PCVS<\/p>\n<p>[\/et_pb_text][et_pb_video admin_label=\u00a0\u00bbSecondary Teacher Video\u00a0\u00bb play_icon_color=\u00a0\u00bb#bb986b\u00a0\u00bb src=\u00a0\u00bbhttps:\/\/youtu.be\/P7sFeSgoSjg\u00a0\u00bb]<\/p>\n<p>&nbsp;<\/p>\n<p>[\/et_pb_video][et_pb_text admin_label=\u00a0\u00bbSecondary Teacher Text\u00a0\u00bb background_layout=\u00a0\u00bblight\u00a0\u00bb text_orientation=\u00a0\u00bbleft\u00a0\u00bb use_border_color=\u00a0\u00bboff\u00a0\u00bb border_color=\u00a0\u00bb#ffffff\u00a0\u00bb border_style=\u00a0\u00bbsolid\u00a0\u00bb]<\/p>\n<p>La passion de Cam pour l\u2019enseignement, la protection et la sauvegarde de l\u2019environnement est \u00e0 l\u2019origine du Youth Leadership in Sustainability program (YLS) (yls.green) \u00e0 Peterborough. Ce programme de quatre cr\u00e9dits pour l\u2019obtention du DESO, offert durant le trimestre d\u2019automne, est ouvert aux \u00e9l\u00e8ves du cycle sup\u00e9rieur, qui en retirent toutefois beaucoup plus.<\/p>\n<p>Comme l\u2019a soulign\u00e9 un coll\u00e8gue de Cam, \u00ab\u00a0le programme de Cam inculque aux \u00e9l\u00e8ves les outils, les strat\u00e9gies et les connaissances n\u00e9cessaires \u00e0 la cr\u00e9ation d\u2019un avenir durable. Surtout, il les incite \u00e0 devenir des agents de changement et leur donne les moyens d\u2019y arriver.\u00a0\u00bb<\/p>\n<p>Cam fait sortir l\u2019apprentissage de la salle de classe, o\u00f9 il fait venir des personnes pertinentes en connectant sa classe avec des classes partout dans le monde, pour apprendre aupr\u00e8s de professionnelles et de professionnels dans leur domaine d\u2019expertise, comme David\u00a0Suzuki, et en collaborant avec des organismes communautaires qui partagent sa vision. Les \u00e9l\u00e8ves mettent en pratique ce qu\u2019elles et ils ont appris en r\u00e9digeant des lettres de plaidoyer et des communiqu\u00e9s, et en s\u2019exprimant efficacement aupr\u00e8s de personnes au pouvoir.<\/p>\n<p>Comme l\u2019a affirm\u00e9 l\u2019\u00e9l\u00e8ve qui a propos\u00e9 sa candidature, \u00ab\u00a0Cam m\u2019a appris tellement de choses sur le monde qui m\u2019entoure et m\u2019a donn\u00e9 un nouveau point de vue sur les probl\u00e8mes et les solutions\u2026 Je m\u2019int\u00e9resse aux actualit\u00e9s et aux enjeux dans ma collectivit\u00e9 et dans le monde, et je veux et sais comment agir pour les causes auxquelles je crois.\u00a0\u00bb<\/p>\n<p>[\/et_pb_text][\/et_pb_column][\/et_pb_row][\/et_pb_section][et_pb_section admin_label=\u00a0\u00bbSection\u00a0\u00bb fullwidth=\u00a0\u00bboff\u00a0\u00bb specialty=\u00a0\u00bboff\u00a0\u00bb transparent_background=\u00a0\u00bboff\u00a0\u00bb background_color=\u00a0\u00bb#ffffff\u00a0\u00bb allow_player_pause=\u00a0\u00bboff\u00a0\u00bb inner_shadow=\u00a0\u00bboff\u00a0\u00bb parallax=\u00a0\u00bboff\u00a0\u00bb parallax_method=\u00a0\u00bboff\u00a0\u00bb custom_padding=\u00a0\u00bb30px|0px|0px|0px\u00a0\u00bb padding_mobile=\u00a0\u00bboff\u00a0\u00bb make_fullwidth=\u00a0\u00bboff\u00a0\u00bb use_custom_width=\u00a0\u00bboff\u00a0\u00bb width_unit=\u00a0\u00bbon\u00a0\u00bb make_equal=\u00a0\u00bboff\u00a0\u00bb use_custom_gutter=\u00a0\u00bboff\u00a0\u00bb module_id=\u00a0\u00bbw3&Prime;][et_pb_row admin_label=\u00a0\u00bbRow\u00a0\u00bb][et_pb_column type=\u00a0\u00bb4_4&Prime;][et_pb_text admin_label=\u00a0\u00bbElementary Teacher Name\u00a0\u00bb background_layout=\u00a0\u00bblight\u00a0\u00bb text_orientation=\u00a0\u00bbleft\u00a0\u00bb use_border_color=\u00a0\u00bboff\u00a0\u00bb border_color=\u00a0\u00bb#ffffff\u00a0\u00bb border_style=\u00a0\u00bbsolid\u00a0\u00bb]<\/p>\n<h2><strong>Heather Lett<\/strong><\/h2>\n<p>Eganville &amp; District Public School, Eganville<\/p>\n<p>[\/et_pb_text][et_pb_video admin_label=\u00a0\u00bbElementary Teacher Video\u00a0\u00bb play_icon_color=\u00a0\u00bb#bb986b\u00a0\u00bb src=\u00a0\u00bbhttps:\/\/youtu.be\/KmdLJyPHGPg\u00a0\u00bb]<\/p>\n<p>&nbsp;<\/p>\n<p>[\/et_pb_video][et_pb_text admin_label=\u00a0\u00bbElementary Teacher Text\u00a0\u00bb background_layout=\u00a0\u00bblight\u00a0\u00bb text_orientation=\u00a0\u00bbleft\u00a0\u00bb use_border_color=\u00a0\u00bboff\u00a0\u00bb border_color=\u00a0\u00bb#ffffff\u00a0\u00bb border_style=\u00a0\u00bbsolid\u00a0\u00bb]<\/p>\n<p>Heather\u00a0Lett, laur\u00e9ate du Prix d\u2019enseignement du RAEO dans la cat\u00e9gorie Enseignement \u00e0 l\u2019\u00e9l\u00e9mentaire, inculque aux \u00e9l\u00e8ves de sa classe de 3<sup>e<\/sup>\u00a0ann\u00e9e l\u2019interrogation initi\u00e9e par les \u00e9l\u00e8ves, la libert\u00e9 d\u2019exprimer leurs id\u00e9es et le respect des autres.<\/p>\n<p>Les contributions de Heather au projet de recherche \u00ab\u00a0First Nation Metis Math Voices\u00a0\u00bb avec la P<sup>re<\/sup>\u00a0Ruth\u00a0Beatty de l\u2019Universit\u00e9\u00a0Lakehead en sont un exemple. Ce projet fait appel \u00e0 un partenariat avec la communaut\u00e9 pour cocr\u00e9er et coenseigner des unit\u00e9s d\u2019enseignement des math\u00e9matiques fond\u00e9es sur l\u2019art algonquin. Ce projet a permis de cr\u00e9er des liens et de b\u00e2tir la confiance avec les Algonquins de Pikwakanagan, dont les enfants fr\u00e9quentent l\u2019\u00e9cole \u00e0 Eganville. Le projet a \u00e9galement contribu\u00e9 \u00e0 revitaliser la culture et la langue algonquines.<\/p>\n<p>Heather a collabor\u00e9 \u00e0 l\u2019\u00e9laboration d\u2019unit\u00e9s d\u2019\u00e9tudes sociales globales ax\u00e9es sur l\u2019histoire et les contributions continues des peuples autochtones. Elle a \u00e9galement \u00e9t\u00e9 un chef de file dans son \u00e9cole en mati\u00e8re de discipline consciente, une formation en sant\u00e9 mentale chez les jeunes qui vise \u00e0 reconna\u00eetre les signes de d\u00e9t\u00e9rioration de la sant\u00e9 mentale et \u00e0 inculquer des moyens d\u2019am\u00e9liorer ou de soutenir le bien-\u00eatre mental chez les enfants.<\/p>\n<p>Comme l\u2019indique une lettre d\u2019appui, \u00ab\u00a0Heather est d\u00e9termin\u00e9e \u00e0 offrir \u00e0 tous les membres de notre famille scolaire (\u00e9l\u00e8ves, familles et personnel) un environnement s\u00fbr et inclusif dans lequel apprendre et grandir, \u00e0 inciter les personnes qui l\u2019entourent \u00e0 atteindre leur potentiel, et \u00e0 leur donner les moyens d\u2019y parvenir.\u00a0\u00bb<\/p>\n<p>[\/et_pb_text][\/et_pb_column][\/et_pb_row][\/et_pb_section][et_pb_section admin_label=\u00a0\u00bbSection\u00a0\u00bb fullwidth=\u00a0\u00bboff\u00a0\u00bb specialty=\u00a0\u00bboff\u00a0\u00bb transparent_background=\u00a0\u00bboff\u00a0\u00bb background_color=\u00a0\u00bb#ffffff\u00a0\u00bb allow_player_pause=\u00a0\u00bboff\u00a0\u00bb inner_shadow=\u00a0\u00bboff\u00a0\u00bb parallax=\u00a0\u00bboff\u00a0\u00bb parallax_method=\u00a0\u00bboff\u00a0\u00bb custom_padding=\u00a0\u00bb||0px|\u00a0\u00bb padding_mobile=\u00a0\u00bbon\u00a0\u00bb make_fullwidth=\u00a0\u00bboff\u00a0\u00bb use_custom_width=\u00a0\u00bboff\u00a0\u00bb width_unit=\u00a0\u00bbon\u00a0\u00bb make_equal=\u00a0\u00bboff\u00a0\u00bb use_custom_gutter=\u00a0\u00bboff\u00a0\u00bb custom_padding_phone=\u00a0\u00bb0px||0px|\u00a0\u00bb custom_padding_last_edited=\u00a0\u00bbon|phone\u00a0\u00bb disabled=\u00a0\u00bboff\u00a0\u00bb disabled_on=\u00a0\u00bbon|off|off\u00a0\u00bb][et_pb_row admin_label=\u00a0\u00bbRow\u00a0\u00bb make_fullwidth=\u00a0\u00bboff\u00a0\u00bb use_custom_width=\u00a0\u00bboff\u00a0\u00bb width_unit=\u00a0\u00bbon\u00a0\u00bb use_custom_gutter=\u00a0\u00bbon\u00a0\u00bb gutter_width=\u00a0\u00bb0&Prime; padding_mobile=\u00a0\u00bboff\u00a0\u00bb allow_player_pause=\u00a0\u00bboff\u00a0\u00bb parallax=\u00a0\u00bboff\u00a0\u00bb parallax_method=\u00a0\u00bboff\u00a0\u00bb make_equal=\u00a0\u00bboff\u00a0\u00bb parallax_1=\u00a0\u00bboff\u00a0\u00bb parallax_method_1=\u00a0\u00bboff\u00a0\u00bb column_padding_mobile=\u00a0\u00bbon\u00a0\u00bb parallax_2=\u00a0\u00bboff\u00a0\u00bb parallax_method_2=\u00a0\u00bboff\u00a0\u00bb][et_pb_column type=\u00a0\u00bb1_2&Prime;][et_pb_image admin_label=\u00a0\u00bbFooter logos\u00a0\u00bb src=\u00a0\u00bbhttp:\/\/teachingawards.ca\/wp-content\/uploads\/2017\/01\/OTIP-Logo-100.jpg\u00a0\u00bb show_in_lightbox=\u00a0\u00bboff\u00a0\u00bb url_new_window=\u00a0\u00bboff\u00a0\u00bb use_overlay=\u00a0\u00bboff\u00a0\u00bb animation=\u00a0\u00bboff\u00a0\u00bb sticky=\u00a0\u00bboff\u00a0\u00bb align=\u00a0\u00bbleft\u00a0\u00bb force_fullwidth=\u00a0\u00bboff\u00a0\u00bb always_center_on_mobile=\u00a0\u00bboff\u00a0\u00bb use_border_color=\u00a0\u00bboff\u00a0\u00bb border_color=\u00a0\u00bb#ffffff\u00a0\u00bb border_style=\u00a0\u00bbsolid\u00a0\u00bb custom_css_main_element=\u00a0\u00bbvertical-align: bottom\u00a0\u00bb]<\/p>\n<p>&nbsp;<\/p>\n<p>[\/et_pb_image][\/et_pb_column][et_pb_column type=\u00a0\u00bb1_2&Prime;][et_pb_text admin_label=\u00a0\u00bbFooter Copyright Text\u00a0\u00bb background_layout=\u00a0\u00bblight\u00a0\u00bb text_orientation=\u00a0\u00bbright\u00a0\u00bb use_border_color=\u00a0\u00bboff\u00a0\u00bb border_color=\u00a0\u00bb#ffffff\u00a0\u00bb border_style=\u00a0\u00bbsolid\u00a0\u00bb custom_margin=\u00a0\u00bb80px|||\u00a0\u00bb]<\/p>\n<p style=\"text-align: right; font-size: 14px;\">\u00a92017 TeachingAwards.ca<\/p>\n<p>[\/et_pb_text][\/et_pb_column][\/et_pb_row][\/et_pb_section]<\/p>\n","protected":false},"excerpt":{"rendered":"<p>&nbsp; &nbsp; Le R\u00e9gime d\u2019assurance des enseignantes et des enseignants de l\u2019Ontario (RAEO) et la F\u00e9d\u00e9ration des enseignantes et des enseignants de l\u2019Ontario (FEO) ont honor\u00e9 trois membres exceptionnels du personnel enseignant de l\u2019Ontario en leur d\u00e9cernant les Prix d\u2019enseignement du RAEO qui soulignent l\u2019excellence. En raison de la pand\u00e9mie, les laur\u00e9ates et les laur\u00e9ats [&hellip;]<\/p>\n","protected":false},"author":7,"featured_media":0,"parent":0,"menu_order":0,"comment_status":"closed","ping_status":"closed","template":"","meta":{"_et_pb_use_builder":"on","_et_pb_old_content":"","_et_gb_content_width":"","footnotes":""},"_links":{"self":[{"href":"https:\/\/teachingawards.ca\/fr\/wp-json\/wp\/v2\/pages\/3163"}],"collection":[{"href":"https:\/\/teachingawards.ca\/fr\/wp-json\/wp\/v2\/pages"}],"about":[{"href":"https:\/\/teachingawards.ca\/fr\/wp-json\/wp\/v2\/types\/page"}],"author":[{"embeddable":true,"href":"https:\/\/teachingawards.ca\/fr\/wp-json\/wp\/v2\/users\/7"}],"replies":[{"embeddable":true,"href":"https:\/\/teachingawards.ca\/fr\/wp-json\/wp\/v2\/comments?post=3163"}],"version-history":[{"count":6,"href":"https:\/\/teachingawards.ca\/fr\/wp-json\/wp\/v2\/pages\/3163\/revisions"}],"predecessor-version":[{"id":3171,"href":"https:\/\/teachingawards.ca\/fr\/wp-json\/wp\/v2\/pages\/3163\/revisions\/3171"}],"wp:attachment":[{"href":"https:\/\/teachingawards.ca\/fr\/wp-json\/wp\/v2\/media?parent=3163"}],"curies":[{"name":"wp","href":"https:\/\/api.w.org\/{rel}","templated":true}]}}